{"id":39012,"date":"2023-01-23T10:52:48","date_gmt":"2023-01-23T09:52:48","guid":{"rendered":"https:\/\/www.alpesdauphine.com\/le-lac-de-serre-poncon\/"},"modified":"2025-02-13T17:26:14","modified_gmt":"2025-02-13T16:26:14","slug":"het-meer-van-serre-poncon","status":"publish","type":"page","link":"https:\/\/www.alpesdauphine.com\/nl\/de-regio\/decouvrir-la-region\/het-meer-van-serre-poncon\/","title":{"rendered":"Het meer van Serre-Pon\u00e7on"},"content":{"rendered":"\n<div class=\"wp-block-cover alignfull header-top\" style=\"margin-top:0px;margin-bottom:0px;padding-top:0;padding-right:0;padding-bottom:0px;padding-left:0;min-height:90vh;aspect-ratio:unset;\"><span aria-hidden=\"true\" class=\"wp-block-cover__background has-background-dim-0 has-background-dim\"><\/span><img decoding=\"async\" width=\"900\" height=\"548\" class=\"wp-block-cover__image-background wp-image-2407 lazyload\" alt=\"\" data-src=\"https:\/\/www.alpesdauphine.com\/wp-content\/uploads\/lac-poncon-02.jpg\" data-object-fit=\"cover\" data-srcset=\"https:\/\/www.alpesdauphine.com\/wp-content\/uploads\/lac-poncon-02.jpg 900w, https:\/\/www.alpesdauphine.com\/wp-content\/uploads\/lac-poncon-02-768x468.jpg 768w, https:\/\/www.alpesdauphine.com\/wp-content\/uploads\/lac-poncon-02-512x312.jpg 512w, https:\/\/www.alpesdauphine.com\/wp-content\/uploads\/lac-poncon-02-256x156.jpg 256w\" data-sizes=\"(max-width: 900px) 100vw, 900px\" src=\"data:image\/svg+xml;base64,PHN2ZyB3aWR0aD0iMSIgaGVpZ2h0PSIxIiB4bWxucz0iaHR0cDovL3d3dy53My5vcmcvMjAwMC9zdmciPjwvc3ZnPg==\" style=\"--smush-placeholder-width: 900px; --smush-placeholder-aspect-ratio: 900\/548;\" \/><div class=\"wp-block-cover__inner-container is-layout-flow wp-block-cover-is-layout-flow\">\n<div class=\"wp-block-group animation--init--once animation--top is-layout-constrained wp-block-group-is-layout-constrained\" style=\"padding-bottom:0px\">\n<p class=\"has-text-align-center titre-top has-theme-white-color has-text-color has-h-1-font-size\"><strong>Het meer van Serre-Pon\u00e7on<\/strong><br><strong>in de Hautes-Alpes<\/strong><\/p>\n<\/div>\n\n\n\n<div class=\"wp-block-group alignfull motor-thelis has-theme-brown-2-background-color has-background is-layout-constrained wp-container-core-group-is-layout-2 wp-block-group-is-layout-constrained\" style=\"margin-top:0px;margin-bottom:0px;padding-top:10px;padding-right:0px;padding-bottom:12px;padding-left:0px\">\n<div class=\"wp-block-columns is-layout-flex wp-container-core-columns-is-layout-1 wp-block-columns-is-layout-flex\">\n<div class=\"wp-block-column is-layout-flow wp-block-column-is-layout-flow\" style=\"flex-basis:100%\">\n<section class=\"formulaire-de-recherche-bar\">\r\n            <div id=\"expand-thelis-formulaire\">[:fr]R\u00e9servez[:][:es]Reservar[:][:en]Book[:]<\/div>\r\n            <div class=\"container-form\"><thr-search-engine><\/thr-search-engine><a id=\"pay-btn-2\" onclick=\"window.open('https:\/\/thelisresa.webcamp.fr\/cart-directPayment.php?camping=alpesdauphine&amp;lang=nl');\"><i><\/i>Boek uw verblijf<\/a>\r\n            <style>\r\n            \r\n            .thr-search-engine .thr-search-engine-main > .thr-btn-search { max-width: 20% !important; }\r\n            .thr .btn i { margin-right: 0 !important; }\r\n            #pay-btn-2 { \r\n                position: absolute;\r\n                right: 0;top: 0;\r\n                margin: 10px;\r\n                border: 0;\r\n                background-color: ;\r\n                color: ;\r\n                cursor: pointer;\r\n                width: calc(17% - 5px);\r\n                padding: 17px 0;\r\n                font-size: 18px;\r\n                font-weight: bold;\r\n                text-transform: auto;\r\n                transition: all .35s;\r\n                display: flex;justify-content: center;\r\n                align-items: center;\r\n            }\r\n            #pay-btn-2 i {\r\n                display: inline-flex;\r\n                width:18px;height:18px;\r\n                margin-right: 5px;\r\n                background-image: url('data:image\/svg+xml;utf8,<?xml version=\"1.0\" encoding=\"utf-8\"?><svg width=\"1792\" height=\"1792\" viewBox=\"0 0 1792 1792\" xmlns=\"http:\/\/www.w3.org\/2000\/svg\"><path d=\"M704 1536q0 52-38 90t-90 38-90-38-38-90 38-90 90-38 90 38 38 90zm896 0q0 52-38 90t-90 38-90-38-38-90 38-90 90-38 90 38 38 90zm128-1088v512q0 24-16.5 42.5t-40.5 21.5l-1044 122q13 60 13 70 0 16-24 64h920q26 0 45 19t19 45-19 45-45 19h-1024q-26 0-45-19t-19-45q0-11 8-31.5t16-36 21.5-40 15.5-29.5l-177-823h-204q-26 0-45-19t-19-45 19-45 45-19h256q16 0 28.5 6.5t19.5 15.5 13 24.5 8 26 5.5 29.5 4.5 26h1201q26 0 45 19t19 45z\" fill=\"rgba(255,255,255,1)\" \/><\/svg>');\r\n                background-size: cover;background-position: center center;background-repeat: no-repeat;\r\n            }\r\n            #pay-btn-2:hover { background-color: ; }\r\n            .thr-search-engine { width: 83%; }\r\n\r\n            @media screen and (max-width: 1024px) {\r\n                #pay-btn-2 { top: 52px; }\r\n                .thr-search-engine .thr-search-engine-main > .thr-btn-search { max-width: inherit !important; }\r\n            }\r\n            @media screen and (max-width: 990px) {\r\n                .thr-search-engine { width: 100%; }\r\n                #pay-btn-2 { position: relative;width: calc(100% - 20px);top: auto;margin-top: 0; }\r\n            }\r\n\r\n            thr-search-engine { border-right: 200px rgba(0,0,0,0) solid;display: block; }\r\n            @media screen and (max-width: 1024px) {\r\n                thr-search-engine { border-right: inherit;display: inherit; }\r\n            }\r\n            <\/style>\r\n            <\/div><\/section><!-- .formulaire-de-recherche-bar --><style>\r\n        #expand-thelis-formulaire { display: none; }\r\n        @media screen and (max-width: 1024px) {\r\n            #expand-thelis-formulaire { display: block; }\r\n            .formulaire-de-recherche-bar .container-form { display: none; }\r\n        }\r\n    <\/style><script>\r\n    jQuery(document).ready(function($){\r\n        jQuery('#expand-thelis-formulaire').click(function(){\r\n            if(\r\n                jQuery('.formulaire-de-recherche-bar .container-form').css('display') == 'none'\r\n            ){\r\n                jQuery('.formulaire-de-recherche-bar .container-form').css('display', 'block');\r\n                jQuery('#expand-thelis-formulaire').addClass('expanded');\r\n            }else{\r\n                jQuery('.formulaire-de-recherche-bar .container-form').css('display', 'none');\r\n                jQuery('#expand-thelis-formulaire').removeClass('expanded');\r\n            }\r\n        });\r\n    });\r\n    <\/script>\n<\/div>\n<\/div>\n<\/div>\n<\/div><\/div>\n\n\n\n<div class=\"wp-block-group alignfull breadcrumbs-top is-layout-constrained wp-block-group-is-layout-constrained\" style=\"margin-top:0px;margin-bottom:0px\">\n<div class=\"wp-block-group is-layout-constrained wp-block-group-is-layout-constrained\">\n<span><span><a href=\"https:\/\/www.alpesdauphine.com\/nl\/\">Accueil<\/a><\/span><\/span>\n<\/div>\n<\/div>\n\n\n\n<div class=\"wp-block-group alignfull is-layout-constrained wp-container-core-group-is-layout-6 wp-block-group-is-layout-constrained\" style=\"padding-top:60px;padding-right:20px;padding-bottom:0px;padding-left:20px\">\n<div class=\"wp-block-columns is-layout-flex wp-container-core-columns-is-layout-2 wp-block-columns-is-layout-flex\" style=\"margin-bottom:70px\">\n<div class=\"wp-block-column is-layout-flow wp-block-column-is-layout-flow\">\n<div class=\"wp-block-group titre-left is-layout-constrained wp-block-group-is-layout-constrained\">\n<h1 class=\"wp-block-heading has-text-align-center\"><strong>Het meer van Serre-Pon\u00e7on<\/strong><br><span style=\"background-color: rgba(32, 67, 31, 0.2); color: var(--wp--preset--color--theme-green); font-size: 40px; font-weight: 400; vertical-align: sub; font-family: var(--wp--preset--font-family--rutan);\">een zee in de bergen of een land van emoties en sensaties<\/span><\/h1>\n<\/div>\n<\/div>\n<\/div>\n<\/div>\n\n\n\n<div class=\"wp-block-group alignfull is-layout-constrained wp-block-group-is-layout-constrained\" style=\"padding-bottom:40px\">\n<div class=\"wp-block-columns alignwide are-vertically-aligned-center foto-et-texte is-layout-flex wp-container-core-columns-is-layout-3 wp-block-columns-is-layout-flex\" style=\"margin-bottom:20px\">\n<div class=\"wp-block-column is-vertically-aligned-center le-texte is-layout-flow wp-block-column-is-layout-flow\" style=\"flex-basis:60%\">\n<h2 class=\"wp-block-heading has-text-align-left\" style=\"margin-bottom:40px\">Een beetje geschiedenis op het meer<sub><strong>vanaf de bouw van de dam tot vandaag<\/strong><\/sub><\/h2>\n\n\n\n<p>Na de verschillende verwoestende overstromingen van de Durance werd, om de wateren van de Durance te reguleren en op te slaan, de locatie van Serre-Pon\u00e7on gekozen voor de installatie van de aarden dam.<\/p>\n\n\n\n<p>De werkzaamheden begonnen in 1955 en werden in 1961 voltooid.<\/p>\n<\/div>\n\n\n\n<div class=\"wp-block-column is-vertically-aligned-center le-foto is-layout-flow wp-block-column-is-layout-flow\">\n<figure class=\"wp-block-image size-full animation--init--once animation--right\"><img decoding=\"async\" width=\"900\" height=\"548\" data-src=\"https:\/\/www.alpesdauphine.com\/wp-content\/uploads\/lac-poncon-02.jpg\" alt=\"\" class=\"wp-image-2407 lazyload\" data-srcset=\"https:\/\/www.alpesdauphine.com\/wp-content\/uploads\/lac-poncon-02.jpg 900w, https:\/\/www.alpesdauphine.com\/wp-content\/uploads\/lac-poncon-02-768x468.jpg 768w, https:\/\/www.alpesdauphine.com\/wp-content\/uploads\/lac-poncon-02-512x312.jpg 512w, https:\/\/www.alpesdauphine.com\/wp-content\/uploads\/lac-poncon-02-256x156.jpg 256w\" data-sizes=\"(max-width: 900px) 100vw, 900px\" src=\"data:image\/svg+xml;base64,PHN2ZyB3aWR0aD0iMSIgaGVpZ2h0PSIxIiB4bWxucz0iaHR0cDovL3d3dy53My5vcmcvMjAwMC9zdmciPjwvc3ZnPg==\" style=\"--smush-placeholder-width: 900px; --smush-placeholder-aspect-ratio: 900\/548;\" \/><\/figure>\n<\/div>\n<\/div>\n<\/div>\n\n\n\n<div class=\"wp-block-group has-animation is-layout-constrained wp-block-group-is-layout-constrained\">\n<div class=\"wp-block-columns are-vertically-aligned-center is-layout-flex wp-container-core-columns-is-layout-4 wp-block-columns-is-layout-flex\" style=\"margin-bottom:20px\">\n<div class=\"wp-block-column is-vertically-aligned-center is-layout-flow wp-block-column-is-layout-flow\" style=\"flex-basis:100%\">\n<h2 class=\"wp-block-heading has-text-align-center\">Enkele cijfers<sub>spectaculair<\/sub><\/h2>\n<\/div>\n<\/div>\n\n\n\n<div class=\"wp-block-columns are-vertically-aligned-center foto-et-texte animation--init--once animation--top is-layout-flex wp-container-core-columns-is-layout-5 wp-block-columns-is-layout-flex\" style=\"margin-bottom:60px;padding-right:20px;padding-left:20px\">\n<div class=\"wp-block-column is-vertically-aligned-center is-layout-flow wp-block-column-is-layout-flow\" style=\"flex-basis:100%\">\n<h3 class=\"wp-block-heading\">DE GROOTSTE DAM VAN EUROPA<\/h3>\n\n\n\n<ul class=\"wp-block-list\">\n<li>1 dijk 123m50 hoog<\/li>\n\n\n\n<li>14 miljoen m3 materialen (6 keer het volume van de grote piramide van Cheops in Egypte)<\/li>\n<\/ul>\n<\/div>\n\n\n\n<div class=\"wp-block-column is-vertically-aligned-center is-layout-flow wp-block-column-is-layout-flow\" style=\"flex-basis:100%\">\n<h3 class=\"wp-block-heading\">DE GROOTSTE BEHEERSING<\/h3>\n\n\n\n<ul class=\"wp-block-list\">\n<li>1 oppervlakte van 2800ha komt overeen met 4000 voetbalvelden<\/li>\n\n\n\n<li>1 volume van 1 miljard 270 miljoen m3 water<\/li>\n\n\n\n<li>80 km oevers<\/li>\n<\/ul>\n<\/div>\n<\/div>\n<\/div>\n\n\n\n<div class=\"wp-block-group alignfull is-layout-constrained wp-block-group-is-layout-constrained\">\n<div class=\"wp-block-columns are-vertically-aligned-center foto-et-texte is-layout-flex wp-container-core-columns-is-layout-6 wp-block-columns-is-layout-flex\" style=\"margin-bottom:60px;padding-right:20px;padding-left:20px\">\n<div class=\"wp-block-column is-vertically-aligned-center is-layout-flow wp-block-column-is-layout-flow\" style=\"flex-basis:100%\">\n<h2 class=\"wp-block-heading has-text-align-center\" style=\"margin-bottom:40px\"><strong>Gigantisch werk<\/strong><\/h2>\n\n\n\n<p>Deze gigantische werken zorgden voor de verdwijning van de dorpen Savines en Ubaye, maar ook voor de aanleg van viaducten, wegen en bruggen waaronder die van Savines: 950 m lang en de wederopbouw van het dorp Savines.<\/p>\n\n\n\n<p>Tegenwoordig is het, naast zijn agrarische roeping, een waterreservoir voor de irrigatie van landbouwgrond in de Provence. Naast zijn hydro-elektrische roeping maken de 1270 miljoen m3 het mogelijk om 15 waterkrachtcentrales te voeden die via 1 kanaal met de Middellandse Zee zijn verbonden.<\/p>\n\n\n\n<p><strong>Voor meer informatie over de geschiedenis van de dam:<\/strong><\/p>\n\n\n\n<ul class=\"wp-block-list\">\n<li>De Museoscope du Lac &#8211; Tel: 04 92 54 50 00 &#8211; Site: <a href=\"http:\/\/www.museoscope-du-lac.com\" target=\"_blank\" rel=\"noreferrer noopener\">www.museoscope-du-lac.com<\/a><\/li>\n\n\n\n<li>Voor wie nieuwsgierig is naar de geschiedenis, jong en oud, vertelt de Mus\u00e9oscope in 5 zalen en 2 films de bouw van de dam, de verhalen van verzonken dorpen, de getuigenissen van de inwoners!<\/li>\n\n\n\n<li>De Dam Belvedere.<\/li>\n<\/ul>\n<\/div>\n<\/div>\n<\/div>\n\n\n\n<div class=\"wp-block-group alignfull is-layout-constrained wp-block-group-is-layout-constrained\" style=\"padding-bottom:40px\">\n<div class=\"wp-block-columns are-vertically-aligned-center foto-et-texte is-layout-flex wp-container-core-columns-is-layout-7 wp-block-columns-is-layout-flex\" style=\"margin-bottom:60px\">\n<div class=\"wp-block-column is-vertically-aligned-center is-layout-flow wp-block-column-is-layout-flow\">\n<h2 class=\"wp-block-heading has-text-align-center\" style=\"margin-bottom:0px\"><strong><strong>Het meer van Serre-Pon\u00e7on<\/strong><\/strong><sub><strong>EEN TOONAANGEVENDE TOERISTISCHE BESTEMMING IN DE HAUTES-ALPES<\/strong><\/sub><\/h2>\n<\/div>\n<\/div>\n\n\n\n<div class=\"wp-block-columns alignwide are-vertically-aligned-center foto-et-texte is-layout-flex wp-container-core-columns-is-layout-8 wp-block-columns-is-layout-flex\" style=\"margin-bottom:20px\">\n<div class=\"wp-block-column is-vertically-aligned-center le-foto is-layout-flow wp-block-column-is-layout-flow\">\n<figure class=\"wp-block-image size-full animation--init--once animation--left\"><img decoding=\"async\" width=\"900\" height=\"548\" data-src=\"https:\/\/www.alpesdauphine.com\/wp-content\/uploads\/lac-poncon-03.jpg\" alt=\"\" class=\"wp-image-2408 lazyload\" data-srcset=\"https:\/\/www.alpesdauphine.com\/wp-content\/uploads\/lac-poncon-03.jpg 900w, https:\/\/www.alpesdauphine.com\/wp-content\/uploads\/lac-poncon-03-768x468.jpg 768w, https:\/\/www.alpesdauphine.com\/wp-content\/uploads\/lac-poncon-03-512x312.jpg 512w, https:\/\/www.alpesdauphine.com\/wp-content\/uploads\/lac-poncon-03-256x156.jpg 256w\" data-sizes=\"(max-width: 900px) 100vw, 900px\" src=\"data:image\/svg+xml;base64,PHN2ZyB3aWR0aD0iMSIgaGVpZ2h0PSIxIiB4bWxucz0iaHR0cDovL3d3dy53My5vcmcvMjAwMC9zdmciPjwvc3ZnPg==\" style=\"--smush-placeholder-width: 900px; --smush-placeholder-aspect-ratio: 900\/548;\" \/><\/figure>\n<\/div>\n\n\n\n<div class=\"wp-block-column is-vertically-aligned-center le-texte is-layout-flow wp-block-column-is-layout-flow\" style=\"flex-basis:60%\">\n<h2 class=\"wp-block-heading has-text-align-left\" style=\"margin-bottom:40px\"><strong>De arrangementen<\/strong><sub>aan de oevers van het meer<\/sub><\/h2>\n\n\n\n<p>Talrijke ontwikkelingen aan de oevers van het meer hebben de oprichting van recreatiecentra, zwemstranden, ontvangstpontons en bootlanceringen, nautische clubs en zeilscholen mogelijk gemaakt.<\/p>\n<\/div>\n<\/div>\n<\/div>\n\n\n\n<div class=\"wp-block-group alignfull is-layout-constrained wp-block-group-is-layout-constrained\" style=\"padding-bottom:40px\">\n<div class=\"wp-block-columns are-vertically-aligned-center foto-et-texte is-layout-flex wp-container-core-columns-is-layout-9 wp-block-columns-is-layout-flex\" style=\"margin-bottom:60px\">\n<div class=\"wp-block-column is-vertically-aligned-center is-layout-flow wp-block-column-is-layout-flow\">\n<h2 class=\"wp-block-heading has-text-align-center\" style=\"margin-bottom:0px\"><strong><strong>Wateractiviteiten<\/strong><\/strong><sub>aan het meer van Serre-Pon\u00e7on<\/sub><\/h2>\n<\/div>\n<\/div>\n\n\n\n<div class=\"wp-block-columns are-vertically-aligned-center foto-et-texte is-layout-flex wp-container-core-columns-is-layout-10 wp-block-columns-is-layout-flex\" style=\"margin-bottom:60px\">\n<div class=\"wp-block-column is-vertically-aligned-center is-layout-flow wp-block-column-is-layout-flow\">\n<div class=\"wp-image-slider animation--init--once animation--top has-text-align-left aspect-ratio-21_9\">\n\n                        \n                                \n                    <script>\n                        'use strict';\n\n                        document.addEventListener('DOMContentLoaded', function () {\n\n                            (function() {\n                                const blockSlide = new Splide( '#slide_488', {\n                                    type : 'loop',\n                                    perPage: 1,\n                                                                        \n                                    breakpoints: {\n                                        800: {\n                                            perPage: 1,\n                                                                                    },\n                                        450: {\n                                            perPage: 1,\n                                            \n                                        },\n                                    },\n                                    pagination: false,\n                                    arrows: true,\n                                    gap: 'var(--wp--style--block-gap)',\n                                    i18n: {\n                                        slideLabel: '0%s \/ 0%s',\n                                    }\n                                } );\n                                \n                                blockSlide.mount();\n                            })();\n                        })\n                    <\/script>\n\n                    <div class=\"slider-container\"><div class=\"splide galeria-slider galeria-columnas-1\" id=\"slide_488\"><div class=\"splide__track\"><div class=\"splide__list\"><div id=\"thumb-2409\" class=\"splide__slide\" data-counter=\"01\/02\"><div class=\"image-wrapper\"><img decoding=\"async\" width=\"362\" height=\"138\" data-src=\"https:\/\/www.alpesdauphine.com\/wp-content\/uploads\/lac-poncon-04.jpg\" class=\"attachment-gallery-large size-gallery-large lazyload\" alt=\"\" data-srcset=\"https:\/\/www.alpesdauphine.com\/wp-content\/uploads\/lac-poncon-04.jpg 362w, https:\/\/www.alpesdauphine.com\/wp-content\/uploads\/lac-poncon-04-256x98.jpg 256w\" data-sizes=\"(max-width: 362px) 100vw, 362px\" src=\"data:image\/svg+xml;base64,PHN2ZyB3aWR0aD0iMSIgaGVpZ2h0PSIxIiB4bWxucz0iaHR0cDovL3d3dy53My5vcmcvMjAwMC9zdmciPjwvc3ZnPg==\" style=\"--smush-placeholder-width: 362px; --smush-placeholder-aspect-ratio: 362\/138;\" \/><\/div><\/div><div id=\"thumb-2410\" class=\"splide__slide\" data-counter=\"02\/02\"><div class=\"image-wrapper\"><img decoding=\"async\" width=\"362\" height=\"138\" data-src=\"https:\/\/www.alpesdauphine.com\/wp-content\/uploads\/lac-poncon-05.jpg\" class=\"attachment-gallery-large size-gallery-large lazyload\" alt=\"\" data-srcset=\"https:\/\/www.alpesdauphine.com\/wp-content\/uploads\/lac-poncon-05.jpg 362w, https:\/\/www.alpesdauphine.com\/wp-content\/uploads\/lac-poncon-05-256x98.jpg 256w\" data-sizes=\"(max-width: 362px) 100vw, 362px\" src=\"data:image\/svg+xml;base64,PHN2ZyB3aWR0aD0iMSIgaGVpZ2h0PSIxIiB4bWxucz0iaHR0cDovL3d3dy53My5vcmcvMjAwMC9zdmciPjwvc3ZnPg==\" style=\"--smush-placeholder-width: 362px; --smush-placeholder-aspect-ratio: 362\/138;\" \/><\/div><\/div><\/div><\/div><\/div><\/div>\n                    \n<\/div><\/div>\n<\/div>\n\n\n\n<div class=\"wp-block-columns are-vertically-aligned-center foto-et-texte is-layout-flex wp-container-core-columns-is-layout-11 wp-block-columns-is-layout-flex\" style=\"margin-bottom:60px;padding-right:20px;padding-left:20px\">\n<div class=\"wp-block-column is-vertically-aligned-center is-layout-flow wp-block-column-is-layout-flow\">\n<p>Deze kleine binnenzee, gevoed door de Durance, ontvangt water uit de valleien van Queyras, Ecrins en Ubaye.<\/p>\n\n\n\n<p>Tussen de wilde baaien en het turquoise water, de kustlijn bezaaid met punten en kleine baaien en de 80 km lange oevers, is het het grootste kunstmatige meer van Frankrijk en het tweede van Europa.<\/p>\n\n\n\n<p>De uitzonderlijke lucht- en klimatologische omstandigheden, 300 ha bevaarbaar water, maken het meer van Serre-Pon\u00e7on tot een ideale en zeer populaire plek voor watersport- en vrijetijdsactiviteiten.<\/p>\n\n\n\n<p><strong>Een ideale plek voor ongelooflijk veel wateractiviteiten. Het moeilijkste zal het kiezen zijn!<\/strong><\/p>\n\n\n\n<ul class=\"wp-block-list\">\n<li>Windsurfen, kitesurfen met beroemde plekken dankzij de beroemde thermische wind<\/li>\n\n\n\n<li>Zeilen, catamaran, rubberboot, waterski\u00ebn met de 7 zeilscholen met het label \u201cFranse Zeilschool<\/li>\n\n\n\n<li>Sleepboeien, wakeboarden, waterfietsen, stand-up paddleboarden voor leuke activiteiten met familie en vrienden, een echte leuke tijd!<\/li>\n\n\n\n<li>Zeekajakken en roeien in de ochtend, wanneer het oppervlak van het meer kalm is, er worden talloze cursussen aangeboden door dienstverleners, waarbij u nog maagdelijke baaien ontdekt.<\/li>\n\n\n\n<li>Verhuur van elektrische boten, zeekano&#8217;s, motorboten zonder vaarbewijs, voor een korte tocht in de wilde baaien van het meer die over de weg niet bereikbaar zijn.<\/li>\n\n\n\n<li>Wandelingen op het meer, 2 rondvaartboten bieden u een \u201cminicruise\u201d aan naar de dam van Serre-Pon\u00e7on met de rondleiding, ontdek de kapel \u201cSt Michel\u201d, de brug van Savines, de jongedames gekleed in een prachtige bergomgeving<\/li>\n\n\n\n<li>Zwemmen met stranden ontworpen voor jong en oud, het dichtst bij de camping op 15 minuten met de auto<\/li>\n\n\n\n<li>St Michel Bay met Apple Beach: een prachtige plek met uitzicht op de St Michel-kapel op het eilandje, om te zonnebaden of te picknicken, voor een kano-kajak- of waterfietstocht, voor plezier met gesleepte boeien of waterski\u00ebn, de keuze is aan jou.<\/li>\n<\/ul>\n<\/div>\n<\/div>\n<\/div>\n\n\n\n<div class=\"wp-block-group alignfull is-layout-constrained wp-block-group-is-layout-constrained\" style=\"padding-bottom:0px\">\n<div class=\"wp-block-columns are-vertically-aligned-center has-theme-green-2-background-color has-background is-layout-flex wp-container-core-columns-is-layout-12 wp-block-columns-is-layout-flex\" style=\"margin-bottom:60px\">\n<div class=\"wp-block-column is-vertically-aligned-center is-layout-flow wp-block-column-is-layout-flow\">\n<p class=\"has-text-align-center\" style=\"padding-top:40px;padding-bottom:40px\"><strong>MEER INFO:<\/strong><br>Vaarvoorwaarden en beheer van het meer van Serre Pon\u00e7on &#8211; S.M.A.D.E.S.E.P &#8211; 05160 Savines le lac<br>Tel. : 04 92 44 33 44 &#8211; Site : <a href=\"http:\/\/www.smadesep.com\" target=\"_blank\" rel=\"noreferrer noopener\">www.smadesep.com<\/a><\/p>\n<\/div>\n<\/div>\n<\/div>\n\n\n\n<div class=\"wp-block-group alignfull autres-locations is-layout-constrained wp-block-group-is-layout-constrained\" style=\"padding-bottom:60px\">\n<div class=\"wp-block-columns is-layout-flex wp-container-core-columns-is-layout-13 wp-block-columns-is-layout-flex\" style=\"padding-bottom:20px\">\n<div class=\"wp-block-column is-layout-flow wp-block-column-is-layout-flow\">\n<h2 class=\"wp-block-heading has-text-align-center\">Ontdek ook<sub>in de Hautes-Alpes<\/sub><\/h2>\n<\/div>\n<\/div>\n\n\n\n<div class=\"wp-block-columns alignwide is-layout-flex wp-container-core-columns-is-layout-14 wp-block-columns-is-layout-flex\">\n<div class=\"wp-block-column is-layout-flow wp-block-column-is-layout-flow\"><script>var object = [];<\/script>\n<div class=\"wp-block-otros-elementos\">\n\n\n<div id=\"\" class=\"wp-block-otros-elementos\" style=\"\">\n\n                                                                    <div class=\"slider-container slider-otros-elementos\">\n                    <div class=\"splide galeria-elementos\" id=\"galeria-contenido_8084\">\n                        <div class=\"splide__track\">\n                            <div class=\"splide__list\">\n                                                                                                        <div class=\"splide__slide r\">\n                                        <div class=\"image-wrapper\">\n                                            <img decoding=\"async\" width=\"600\" height=\"390\" data-src=\"https:\/\/www.alpesdauphine.com\/wp-content\/uploads\/villegap-thumb.jpg\" class=\"attachment-gallery-medium size-gallery-medium wp-post-image lazyload\" alt=\"\" data-srcset=\"https:\/\/www.alpesdauphine.com\/wp-content\/uploads\/villegap-thumb.jpg 600w, https:\/\/www.alpesdauphine.com\/wp-content\/uploads\/villegap-thumb-512x333.jpg 512w, https:\/\/www.alpesdauphine.com\/wp-content\/uploads\/villegap-thumb-256x166.jpg 256w\" data-sizes=\"(max-width: 600px) 100vw, 600px\" src=\"data:image\/svg+xml;base64,PHN2ZyB3aWR0aD0iMSIgaGVpZ2h0PSIxIiB4bWxucz0iaHR0cDovL3d3dy53My5vcmcvMjAwMC9zdmciPjwvc3ZnPg==\" style=\"--smush-placeholder-width: 600px; --smush-placeholder-aspect-ratio: 600\/390;\" \/>                                        <\/div>\n                                        <div class=\"content-slider\">\n                                            <div class=\"slider-info\">\n                                                <span class=\"titre-element\">De stad Gap<\/span>\n                                                                                                    <p>Gap, chef-lieu du d\u00e9partement des Hautes-Alpes, est non seulement la plus haute pr\u00e9fecture de France, mais aussi la plus importante ville des Alpes du Sud.<\/p>\n                                                                                            <\/div>\n                                            <div class=\"onhover\">\n                                                                                                <div class=\"wp-block-button\">\n                                                    <a class=\"wp-block-button__link wp-element-button\" href=\"https:\/\/www.alpesdauphine.com\/nl\/de-regio\/decouvrir-la-region\/de-stad-gap\/\">Ontdekken<\/a>\n                                                <\/div>\n                                            <\/div>\n                                        <\/div>\n                                        \n                                    <\/div>\n                                    <script>\n                                        document.addEventListener('DOMContentLoaded', function () {\n                                            (function() {\n                                                const blockSlide = new Splide( '#galeria-contenido_8084', {\n                                                    perMove: 1,\n                                                    perPage: 4,\n                                                    autoplay: true,\n                                                    type: 'loop',\n                                                    gap: '20px',\n                                                    pagination: false,\n                                                    arrows: true,\n                                                    breakpoints: {\n                                                        1300: {\n                                                            perPage: 2,\n                                                        },\n                                                        950: {\n                                                            perPage: 1,\n                                                        },\n                                                    }   \n                                                } );\n                                                blockSlide.mount();\n                                            })();\n                                        })\n                                    <\/script>\n                                                                                                                                            <div class=\"splide__slide r\">\n                                        <div class=\"image-wrapper\">\n                                            <img decoding=\"async\" width=\"1024\" height=\"717\" data-src=\"https:\/\/www.alpesdauphine.com\/wp-content\/uploads\/region-1024x717.jpg\" class=\"attachment-gallery-medium size-gallery-medium wp-post-image lazyload\" alt=\"\" data-srcset=\"https:\/\/www.alpesdauphine.com\/wp-content\/uploads\/region-1024x717.jpg 1024w, https:\/\/www.alpesdauphine.com\/wp-content\/uploads\/region-768x538.jpg 768w, https:\/\/www.alpesdauphine.com\/wp-content\/uploads\/region-512x359.jpg 512w, https:\/\/www.alpesdauphine.com\/wp-content\/uploads\/region-256x179.jpg 256w, https:\/\/www.alpesdauphine.com\/wp-content\/uploads\/region.jpg 1302w\" data-sizes=\"(max-width: 1024px) 100vw, 1024px\" src=\"data:image\/svg+xml;base64,PHN2ZyB3aWR0aD0iMSIgaGVpZ2h0PSIxIiB4bWxucz0iaHR0cDovL3d3dy53My5vcmcvMjAwMC9zdmciPjwvc3ZnPg==\" style=\"--smush-placeholder-width: 1024px; --smush-placeholder-aspect-ratio: 1024\/717;\" \/>                                        <\/div>\n                                        <div class=\"content-slider\">\n                                            <div class=\"slider-info\">\n                                                <span class=\"titre-element\">Het Domaine de Charance<\/span>\n                                                                                                    <p>Voor natuurliefhebbers, op 4 km van de camping, is het Domaine de Charance met zijn 22o ha natuur een echte groene long.<\/p>\n                                                                                            <\/div>\n                                            <div class=\"onhover\">\n                                                                                                <div class=\"wp-block-button\">\n                                                    <a class=\"wp-block-button__link wp-element-button\" href=\"https:\/\/www.alpesdauphine.com\/nl\/de-regio\/decouvrir-la-region\/het-domaine-de-charance\/\">Ontdekken<\/a>\n                                                <\/div>\n                                            <\/div>\n                                        <\/div>\n                                        \n                                    <\/div>\n                                    <script>\n                                        document.addEventListener('DOMContentLoaded', function () {\n                                            (function() {\n                                                const blockSlide = new Splide( '#galeria-contenido_8084', {\n                                                    perMove: 1,\n                                                    perPage: 4,\n                                                    autoplay: true,\n                                                    type: 'loop',\n                                                    gap: '20px',\n                                                    pagination: false,\n                                                    arrows: true,\n                                                    breakpoints: {\n                                                        1300: {\n                                                            perPage: 2,\n                                                        },\n                                                        950: {\n                                                            perPage: 1,\n                                                        },\n                                                    }   \n                                                } );\n                                                blockSlide.mount();\n                                            })();\n                                        })\n                                    <\/script>\n                                                                                                                                            <div class=\"splide__slide r\">\n                                        <div class=\"image-wrapper\">\n                                            <img decoding=\"async\" width=\"900\" height=\"548\" data-src=\"https:\/\/www.alpesdauphine.com\/wp-content\/uploads\/lac-poncon-02.jpg\" class=\"attachment-gallery-medium size-gallery-medium wp-post-image lazyload\" alt=\"\" data-srcset=\"https:\/\/www.alpesdauphine.com\/wp-content\/uploads\/lac-poncon-02.jpg 900w, https:\/\/www.alpesdauphine.com\/wp-content\/uploads\/lac-poncon-02-768x468.jpg 768w, https:\/\/www.alpesdauphine.com\/wp-content\/uploads\/lac-poncon-02-512x312.jpg 512w, https:\/\/www.alpesdauphine.com\/wp-content\/uploads\/lac-poncon-02-256x156.jpg 256w\" data-sizes=\"(max-width: 900px) 100vw, 900px\" src=\"data:image\/svg+xml;base64,PHN2ZyB3aWR0aD0iMSIgaGVpZ2h0PSIxIiB4bWxucz0iaHR0cDovL3d3dy53My5vcmcvMjAwMC9zdmciPjwvc3ZnPg==\" style=\"--smush-placeholder-width: 900px; --smush-placeholder-aspect-ratio: 900\/548;\" \/>                                        <\/div>\n                                        <div class=\"content-slider\">\n                                            <div class=\"slider-info\">\n                                                <span class=\"titre-element\">Het meer van Serre-Pon\u00e7on<\/span>\n                                                                                                    <p>Het meer van Serre-Pon\u00e7on, bijgenaamd \u2018de zee in de bergen\u2019, is een van de hoogtepunten van Hautes-Alpes.<\/p>\n                                                                                            <\/div>\n                                            <div class=\"onhover\">\n                                                                                                <div class=\"wp-block-button\">\n                                                    <a class=\"wp-block-button__link wp-element-button\" href=\"https:\/\/www.alpesdauphine.com\/nl\/de-regio\/decouvrir-la-region\/het-meer-van-serre-poncon\/\">Ontdekken<\/a>\n                                                <\/div>\n                                            <\/div>\n                                        <\/div>\n                                        \n                                    <\/div>\n                                    <script>\n                                        document.addEventListener('DOMContentLoaded', function () {\n                                            (function() {\n                                                const blockSlide = new Splide( '#galeria-contenido_8084', {\n                                                    perMove: 1,\n                                                    perPage: 4,\n                                                    autoplay: true,\n                                                    type: 'loop',\n                                                    gap: '20px',\n                                                    pagination: false,\n                                                    arrows: true,\n                                                    breakpoints: {\n                                                        1300: {\n                                                            perPage: 2,\n                                                        },\n                                                        950: {\n                                                            perPage: 1,\n                                                        },\n                                                    }   \n                                                } );\n                                                blockSlide.mount();\n                                            })();\n                                        })\n                                    <\/script>\n                                                                                                                                            <div class=\"splide__slide r\">\n                                        <div class=\"image-wrapper\">\n                                            <img decoding=\"async\" width=\"600\" height=\"390\" data-src=\"https:\/\/www.alpesdauphine.com\/wp-content\/uploads\/hautesalpes-thumb.jpg\" class=\"attachment-gallery-medium size-gallery-medium wp-post-image lazyload\" alt=\"\" data-srcset=\"https:\/\/www.alpesdauphine.com\/wp-content\/uploads\/hautesalpes-thumb.jpg 600w, https:\/\/www.alpesdauphine.com\/wp-content\/uploads\/hautesalpes-thumb-512x333.jpg 512w, https:\/\/www.alpesdauphine.com\/wp-content\/uploads\/hautesalpes-thumb-256x166.jpg 256w\" data-sizes=\"(max-width: 600px) 100vw, 600px\" src=\"data:image\/svg+xml;base64,PHN2ZyB3aWR0aD0iMSIgaGVpZ2h0PSIxIiB4bWxucz0iaHR0cDovL3d3dy53My5vcmcvMjAwMC9zdmciPjwvc3ZnPg==\" style=\"--smush-placeholder-width: 600px; --smush-placeholder-aspect-ratio: 600\/390;\" \/>                                        <\/div>\n                                        <div class=\"content-slider\">\n                                            <div class=\"slider-info\">\n                                                <span class=\"titre-element\">De Hautes-Alpes<\/span>\n                                                                                                    <p>Van het noorden tot het zuiden van het departement ontdek je talloze prachtige wandelroutes en plekken, zoals de hoge toppen van het nationaal park van \u00c9crins.<\/p>\n                                                                                            <\/div>\n                                            <div class=\"onhover\">\n                                                                                                <div class=\"wp-block-button\">\n                                                    <a class=\"wp-block-button__link wp-element-button\" href=\"https:\/\/www.alpesdauphine.com\/nl\/de-regio\/decouvrir-la-region\/de-hautes-alpes\/\">Ontdekken<\/a>\n                                                <\/div>\n                                            <\/div>\n                                        <\/div>\n                                        \n                                    <\/div>\n                                    <script>\n                                        document.addEventListener('DOMContentLoaded', function () {\n                                            (function() {\n                                                const blockSlide = new Splide( '#galeria-contenido_8084', {\n                                                    perMove: 1,\n                                                    perPage: 4,\n                                                    autoplay: true,\n                                                    type: 'loop',\n                                                    gap: '20px',\n                                                    pagination: false,\n                                                    arrows: true,\n                                                    breakpoints: {\n                                                        1300: {\n                                                            perPage: 2,\n                                                        },\n                                                        950: {\n                                                            perPage: 1,\n                                                        },\n                                                    }   \n                                                } );\n                                                blockSlide.mount();\n                                            })();\n                                        })\n                                    <\/script>\n                                                                                                                                            <div class=\"splide__slide r\">\n                                        <div class=\"image-wrapper\">\n                                            <img decoding=\"async\" width=\"1024\" height=\"576\" data-src=\"https:\/\/www.alpesdauphine.com\/wp-content\/uploads\/parc-des-ecrins-1024x576.jpg\" class=\"attachment-gallery-medium size-gallery-medium wp-post-image lazyload\" alt=\"\" data-srcset=\"https:\/\/www.alpesdauphine.com\/wp-content\/uploads\/parc-des-ecrins-1024x576.jpg 1024w, https:\/\/www.alpesdauphine.com\/wp-content\/uploads\/parc-des-ecrins-768x432.jpg 768w, https:\/\/www.alpesdauphine.com\/wp-content\/uploads\/parc-des-ecrins-512x288.jpg 512w, https:\/\/www.alpesdauphine.com\/wp-content\/uploads\/parc-des-ecrins-256x144.jpg 256w, https:\/\/www.alpesdauphine.com\/wp-content\/uploads\/parc-des-ecrins.jpg 1200w\" data-sizes=\"(max-width: 1024px) 100vw, 1024px\" src=\"data:image\/svg+xml;base64,PHN2ZyB3aWR0aD0iMSIgaGVpZ2h0PSIxIiB4bWxucz0iaHR0cDovL3d3dy53My5vcmcvMjAwMC9zdmciPjwvc3ZnPg==\" style=\"--smush-placeholder-width: 1024px; --smush-placeholder-aspect-ratio: 1024\/576;\" \/>                                        <\/div>\n                                        <div class=\"content-slider\">\n                                            <div class=\"slider-info\">\n                                                <span class=\"titre-element\">Op ontdekking in de omgeving<\/span>\n                                                                                                    <p>Aan de linkeroever van het meer, tussen Savines en Sauze-du-Lac, loopt een wandelpad langs de \u2018fee\u00ebnschoorstenen\u2019, een soort piramide met \u2018hoedje\u2019.<\/p>\n                                                                                            <\/div>\n                                            <div class=\"onhover\">\n                                                                                                <div class=\"wp-block-button\">\n                                                    <a class=\"wp-block-button__link wp-element-button\" href=\"https:\/\/www.alpesdauphine.com\/nl\/de-regio\/decouvrir-la-region\/op-ontdekking-in-de-omgeving\/\">Ontdekken<\/a>\n                                                <\/div>\n                                            <\/div>\n                                        <\/div>\n                                        \n                                    <\/div>\n                                    <script>\n                                        document.addEventListener('DOMContentLoaded', function () {\n                                            (function() {\n                                                const blockSlide = new Splide( '#galeria-contenido_8084', {\n                                                    perMove: 1,\n                                                    perPage: 4,\n                                                    autoplay: true,\n                                                    type: 'loop',\n                                                    gap: '20px',\n                                                    pagination: false,\n                                                    arrows: true,\n                                                    breakpoints: {\n                                                        1300: {\n                                                            perPage: 2,\n                                                        },\n                                                        950: {\n                                                            perPage: 1,\n                                                        },\n                                                    }   \n                                                } );\n                                                blockSlide.mount();\n                                            })();\n                                        })\n                                    <\/script>\n                                                                                                                                            <div class=\"splide__slide r\">\n                                        <div class=\"image-wrapper\">\n                                            <img decoding=\"async\" width=\"600\" height=\"390\" data-src=\"https:\/\/www.alpesdauphine.com\/wp-content\/uploads\/parcqueyras-thumb.jpg\" class=\"attachment-gallery-medium size-gallery-medium wp-post-image lazyload\" alt=\"\" data-srcset=\"https:\/\/www.alpesdauphine.com\/wp-content\/uploads\/parcqueyras-thumb.jpg 600w, https:\/\/www.alpesdauphine.com\/wp-content\/uploads\/parcqueyras-thumb-512x333.jpg 512w, https:\/\/www.alpesdauphine.com\/wp-content\/uploads\/parcqueyras-thumb-256x166.jpg 256w\" data-sizes=\"(max-width: 600px) 100vw, 600px\" src=\"data:image\/svg+xml;base64,PHN2ZyB3aWR0aD0iMSIgaGVpZ2h0PSIxIiB4bWxucz0iaHR0cDovL3d3dy53My5vcmcvMjAwMC9zdmciPjwvc3ZnPg==\" style=\"--smush-placeholder-width: 600px; --smush-placeholder-aspect-ratio: 600\/390;\" \/>                                        <\/div>\n                                        <div class=\"content-slider\">\n                                            <div class=\"slider-info\">\n                                                <span class=\"titre-element\">Natuurpark Queyras<\/span>\n                                                                                                    <p>Dit park is een van de mooiste gebieden van de Alpen: 650 km\u00b2 vrije grond, rijk aan kleur en bezaaid met vele dorpen.<\/p>\n                                                                                            <\/div>\n                                            <div class=\"onhover\">\n                                                                                                <div class=\"wp-block-button\">\n                                                    <a class=\"wp-block-button__link wp-element-button\" href=\"https:\/\/www.alpesdauphine.com\/nl\/de-regio\/decouvrir-la-region\/natuurpark-queyras\/\">Ontdekken<\/a>\n                                                <\/div>\n                                            <\/div>\n                                        <\/div>\n                                        \n                                    <\/div>\n                                    <script>\n                                        document.addEventListener('DOMContentLoaded', function () {\n                                            (function() {\n                                                const blockSlide = new Splide( '#galeria-contenido_8084', {\n                                                    perMove: 1,\n                                                    perPage: 4,\n                                                    autoplay: true,\n                                                    type: 'loop',\n                                                    gap: '20px',\n                                                    pagination: false,\n                                                    arrows: true,\n                                                    breakpoints: {\n                                                        1300: {\n                                                            perPage: 2,\n                                                        },\n                                                        950: {\n                                                            perPage: 1,\n                                                        },\n                                                    }   \n                                                } );\n                                                blockSlide.mount();\n                                            })();\n                                        })\n                                    <\/script>\n                                                                                                                                            <div class=\"splide__slide r\">\n                                        <div class=\"image-wrapper\">\n                                            <img decoding=\"async\" width=\"600\" height=\"390\" data-src=\"https:\/\/www.alpesdauphine.com\/wp-content\/uploads\/parcecrans-thumb.jpg\" class=\"attachment-gallery-medium size-gallery-medium wp-post-image lazyload\" alt=\"\" data-srcset=\"https:\/\/www.alpesdauphine.com\/wp-content\/uploads\/parcecrans-thumb.jpg 600w, https:\/\/www.alpesdauphine.com\/wp-content\/uploads\/parcecrans-thumb-512x333.jpg 512w, https:\/\/www.alpesdauphine.com\/wp-content\/uploads\/parcecrans-thumb-256x166.jpg 256w\" data-sizes=\"(max-width: 600px) 100vw, 600px\" src=\"data:image\/svg+xml;base64,PHN2ZyB3aWR0aD0iMSIgaGVpZ2h0PSIxIiB4bWxucz0iaHR0cDovL3d3dy53My5vcmcvMjAwMC9zdmciPjwvc3ZnPg==\" style=\"--smush-placeholder-width: 600px; --smush-placeholder-aspect-ratio: 600\/390;\" \/>                                        <\/div>\n                                        <div class=\"content-slider\">\n                                            <div class=\"slider-info\">\n                                                <span class=\"titre-element\">Nationaal park van \u00c9crins<\/span>\n                                                                                                    <p>Op de grens van de Noordelijke en Zuidelijke Alpen vind je het natuurpark van \u00c9crins: een van de grootste en hoogste bergmassieven van de Alpen.<\/p>\n                                                                                            <\/div>\n                                            <div class=\"onhover\">\n                                                                                                <div class=\"wp-block-button\">\n                                                    <a class=\"wp-block-button__link wp-element-button\" href=\"https:\/\/www.alpesdauphine.com\/nl\/de-regio\/decouvrir-la-region\/nationaal-park-van-ecrins\/\">Ontdekken<\/a>\n                                                <\/div>\n                                            <\/div>\n                                        <\/div>\n                                        \n                                    <\/div>\n                                    <script>\n                                        document.addEventListener('DOMContentLoaded', function () {\n                                            (function() {\n                                                const blockSlide = new Splide( '#galeria-contenido_8084', {\n                                                    perMove: 1,\n                                                    perPage: 4,\n                                                    autoplay: true,\n                                                    type: 'loop',\n                                                    gap: '20px',\n                                                    pagination: false,\n                                                    arrows: true,\n                                                    breakpoints: {\n                                                        1300: {\n                                                            perPage: 2,\n                                                        },\n                                                        950: {\n                                                            perPage: 1,\n                                                        },\n                                                    }   \n                                                } );\n                                                blockSlide.mount();\n                                            })();\n                                        })\n                                    <\/script>\n                                                                                                                                            <div class=\"splide__slide r\">\n                                        <div class=\"image-wrapper\">\n                                            <img decoding=\"async\" width=\"900\" height=\"599\" data-src=\"https:\/\/www.alpesdauphine.com\/wp-content\/uploads\/marches-locaux-01.jpg\" class=\"attachment-gallery-medium size-gallery-medium wp-post-image lazyload\" alt=\"\" data-srcset=\"https:\/\/www.alpesdauphine.com\/wp-content\/uploads\/marches-locaux-01.jpg 900w, https:\/\/www.alpesdauphine.com\/wp-content\/uploads\/marches-locaux-01-768x511.jpg 768w, https:\/\/www.alpesdauphine.com\/wp-content\/uploads\/marches-locaux-01-512x341.jpg 512w, https:\/\/www.alpesdauphine.com\/wp-content\/uploads\/marches-locaux-01-256x170.jpg 256w\" data-sizes=\"(max-width: 900px) 100vw, 900px\" src=\"data:image\/svg+xml;base64,PHN2ZyB3aWR0aD0iMSIgaGVpZ2h0PSIxIiB4bWxucz0iaHR0cDovL3d3dy53My5vcmcvMjAwMC9zdmciPjwvc3ZnPg==\" style=\"--smush-placeholder-width: 900px; --smush-placeholder-aspect-ratio: 900\/599;\" \/>                                        <\/div>\n                                        <div class=\"content-slider\">\n                                            <div class=\"slider-info\">\n                                                <span class=\"titre-element\">Lokale markten<\/span>\n                                                                                                    <p>De markten van Gap: Place de la R\u00e9publique, woensdagmorgen. Place Jean Marcellin, zaterdagmorgen.<\/p>\n                                                                                            <\/div>\n                                            <div class=\"onhover\">\n                                                                                                <div class=\"wp-block-button\">\n                                                    <a class=\"wp-block-button__link wp-element-button\" href=\"https:\/\/www.alpesdauphine.com\/nl\/de-regio\/lokale-markten\/\">Ontdekken<\/a>\n                                                <\/div>\n                                            <\/div>\n                                        <\/div>\n                                        \n                                    <\/div>\n                                    <script>\n                                        document.addEventListener('DOMContentLoaded', function () {\n                                            (function() {\n                                                const blockSlide = new Splide( '#galeria-contenido_8084', {\n                                                    perMove: 1,\n                                                    perPage: 4,\n                                                    autoplay: true,\n                                                    type: 'loop',\n                                                    gap: '20px',\n                                                    pagination: false,\n                                                    arrows: true,\n                                                    breakpoints: {\n                                                        1300: {\n                                                            perPage: 2,\n                                                        },\n                                                        950: {\n                                                            perPage: 1,\n                                                        },\n                                                    }   \n                                                } );\n                                                blockSlide.mount();\n                                            })();\n                                        })\n                                    <\/script>\n                                                                                                <\/div>\n                        <\/div>\n                    <\/div>\n                <\/div>\n                    \n        \n<\/div>\n<\/div>\n\n<style>\n    @media only screen and (min-width: 1300px){\n        .locations-camping .slider-otros-alojamientos .splide__slide {\n            width: calc(68% \/ 4)!important;}\n    }\n<\/style><\/div>\n<\/div>\n<\/div>\n\n\n\n<div class=\"wp-block-group alignfull fons-top-footer is-layout-constrained wp-block-group-is-layout-constrained\"><\/div>\n","protected":false},"excerpt":{"rendered":"<p>Het meer van Serre-Pon\u00e7on, bijgenaamd \u2018de zee in de bergen\u2019, is een van de hoogtepunten van Hautes-Alpes.<\/p>\n","protected":false},"author":3,"featured_media":2407,"parent":39074,"menu_order":2,"comment_status":"closed","ping_status":"closed","template":"","meta":{"_acf_changed":false,"inline_featured_image":false,"footnotes":""},"class_list":["post-39012","page","type-page","status-publish","has-post-thumbnail","hentry"],"acf":[],"featured_image_src":"https:\/\/www.alpesdauphine.com\/wp-content\/uploads\/lac-poncon-02.jpg","yoast_head":"<!-- This site is optimized with the Yoast SEO plugin v24.8 - https:\/\/yoast.com\/wordpress\/plugins\/seo\/ -->\n<title>Lake Serre-Pon\u00e7on: zwemmen en wateractiviteiten<\/title>\n<meta name=\"description\" content=\"Verblijf tijdens uw vakantie in de bergen op camping Alpes Dauphin\u00e9 en ontdek het meer van Serre-Pon\u00e7on.\" \/>\n<meta name=\"robots\" content=\"index, follow, max-snippet:-1, max-image-preview:large, max-video-preview:-1\" \/>\n<link rel=\"canonical\" href=\"https:\/\/www.alpesdauphine.com\/nl\/de-regio\/decouvrir-la-region\/het-meer-van-serre-poncon\/\" \/>\n<meta property=\"og:locale\" content=\"nl_NL\" \/>\n<meta property=\"og:type\" content=\"article\" \/>\n<meta property=\"og:title\" content=\"Lake Serre-Pon\u00e7on: zwemmen en wateractiviteiten\" \/>\n<meta property=\"og:description\" content=\"Verblijf tijdens uw vakantie in de bergen op camping Alpes Dauphin\u00e9 en ontdek het meer van Serre-Pon\u00e7on.\" \/>\n<meta property=\"og:url\" content=\"https:\/\/www.alpesdauphine.com\/nl\/de-regio\/decouvrir-la-region\/het-meer-van-serre-poncon\/\" \/>\n<meta property=\"og:site_name\" content=\"Alpes Dauphine\" \/>\n<meta property=\"article:modified_time\" content=\"2025-02-13T16:26:14+00:00\" \/>\n<meta property=\"og:image\" content=\"https:\/\/www.alpesdauphine.com\/wp-content\/uploads\/lac-poncon-02.jpg\" \/>\n\t<meta property=\"og:image:width\" content=\"900\" \/>\n\t<meta property=\"og:image:height\" content=\"548\" \/>\n\t<meta property=\"og:image:type\" content=\"image\/jpeg\" \/>\n<meta name=\"twitter:card\" content=\"summary_large_image\" \/>\n<meta name=\"twitter:label1\" content=\"Geschatte leestijd\" \/>\n\t<meta name=\"twitter:data1\" content=\"8 minuten\" \/>\n<script type=\"application\/ld+json\" class=\"yoast-schema-graph\">{\"@context\":\"https:\/\/schema.org\",\"@graph\":[{\"@type\":\"WebPage\",\"@id\":\"https:\/\/www.alpesdauphine.com\/nl\/de-regio\/decouvrir-la-region\/het-meer-van-serre-poncon\/\",\"url\":\"https:\/\/www.alpesdauphine.com\/nl\/de-regio\/decouvrir-la-region\/het-meer-van-serre-poncon\/\",\"name\":\"Lake Serre-Pon\u00e7on: zwemmen en wateractiviteiten\",\"isPartOf\":{\"@id\":\"https:\/\/www.alpesdauphine.com\/nl\/#website\"},\"primaryImageOfPage\":{\"@id\":\"https:\/\/www.alpesdauphine.com\/nl\/de-regio\/decouvrir-la-region\/het-meer-van-serre-poncon\/#primaryimage\"},\"image\":{\"@id\":\"https:\/\/www.alpesdauphine.com\/nl\/de-regio\/decouvrir-la-region\/het-meer-van-serre-poncon\/#primaryimage\"},\"thumbnailUrl\":\"https:\/\/www.alpesdauphine.com\/wp-content\/uploads\/lac-poncon-02.jpg\",\"datePublished\":\"2023-01-23T09:52:48+00:00\",\"dateModified\":\"2025-02-13T16:26:14+00:00\",\"description\":\"Verblijf tijdens uw vakantie in de bergen op camping Alpes Dauphin\u00e9 en ontdek het meer van Serre-Pon\u00e7on.\",\"breadcrumb\":{\"@id\":\"https:\/\/www.alpesdauphine.com\/nl\/de-regio\/decouvrir-la-region\/het-meer-van-serre-poncon\/#breadcrumb\"},\"inLanguage\":\"nl-NL\",\"potentialAction\":[{\"@type\":\"ReadAction\",\"target\":[\"https:\/\/www.alpesdauphine.com\/nl\/de-regio\/decouvrir-la-region\/het-meer-van-serre-poncon\/\"]}]},{\"@type\":\"ImageObject\",\"inLanguage\":\"nl-NL\",\"@id\":\"https:\/\/www.alpesdauphine.com\/nl\/de-regio\/decouvrir-la-region\/het-meer-van-serre-poncon\/#primaryimage\",\"url\":\"https:\/\/www.alpesdauphine.com\/wp-content\/uploads\/lac-poncon-02.jpg\",\"contentUrl\":\"https:\/\/www.alpesdauphine.com\/wp-content\/uploads\/lac-poncon-02.jpg\",\"width\":900,\"height\":548},{\"@type\":\"BreadcrumbList\",\"@id\":\"https:\/\/www.alpesdauphine.com\/nl\/de-regio\/decouvrir-la-region\/het-meer-van-serre-poncon\/#breadcrumb\",\"itemListElement\":[{\"@type\":\"ListItem\",\"position\":1,\"name\":\"Accueil\",\"item\":\"https:\/\/www.alpesdauphine.com\/nl\/\"},{\"@type\":\"ListItem\",\"position\":2,\"name\":\"Het meer van Serre-Pon\u00e7on\"}]},{\"@type\":\"WebSite\",\"@id\":\"https:\/\/www.alpesdauphine.com\/nl\/#website\",\"url\":\"https:\/\/www.alpesdauphine.com\/nl\/\",\"name\":\"Alpes Dauphine\",\"description\":\"Camping 4 \u00e9toiles \u00e0 deux pas de Gap\",\"publisher\":{\"@id\":\"https:\/\/www.alpesdauphine.com\/nl\/#organization\"},\"potentialAction\":[{\"@type\":\"SearchAction\",\"target\":{\"@type\":\"EntryPoint\",\"urlTemplate\":\"https:\/\/www.alpesdauphine.com\/nl\/?s={search_term_string}\"},\"query-input\":{\"@type\":\"PropertyValueSpecification\",\"valueRequired\":true,\"valueName\":\"search_term_string\"}}],\"inLanguage\":\"nl-NL\"},{\"@type\":\"Organization\",\"@id\":\"https:\/\/www.alpesdauphine.com\/nl\/#organization\",\"name\":\"Alpes Dauphine\",\"url\":\"https:\/\/www.alpesdauphine.com\/nl\/\",\"logo\":{\"@type\":\"ImageObject\",\"inLanguage\":\"nl-NL\",\"@id\":\"https:\/\/www.alpesdauphine.com\/nl\/#\/schema\/logo\/image\/\",\"url\":\"https:\/\/www.alpesdauphine.com\/wp-content\/uploads\/logo-web.png\",\"contentUrl\":\"https:\/\/www.alpesdauphine.com\/wp-content\/uploads\/logo-web.png\",\"width\":237,\"height\":153,\"caption\":\"Alpes Dauphine\"},\"image\":{\"@id\":\"https:\/\/www.alpesdauphine.com\/nl\/#\/schema\/logo\/image\/\"}}]}<\/script>\n<!-- \/ Yoast SEO plugin. -->","yoast_head_json":{"title":"Lake Serre-Pon\u00e7on: zwemmen en wateractiviteiten","description":"Verblijf tijdens uw vakantie in de bergen op camping Alpes Dauphin\u00e9 en ontdek het meer van Serre-Pon\u00e7on.","robots":{"index":"index","follow":"follow","max-snippet":"max-snippet:-1","max-image-preview":"max-image-preview:large","max-video-preview":"max-video-preview:-1"},"canonical":"https:\/\/www.alpesdauphine.com\/nl\/de-regio\/decouvrir-la-region\/het-meer-van-serre-poncon\/","og_locale":"nl_NL","og_type":"article","og_title":"Lake Serre-Pon\u00e7on: zwemmen en wateractiviteiten","og_description":"Verblijf tijdens uw vakantie in de bergen op camping Alpes Dauphin\u00e9 en ontdek het meer van Serre-Pon\u00e7on.","og_url":"https:\/\/www.alpesdauphine.com\/nl\/de-regio\/decouvrir-la-region\/het-meer-van-serre-poncon\/","og_site_name":"Alpes Dauphine","article_modified_time":"2025-02-13T16:26:14+00:00","og_image":[{"width":900,"height":548,"url":"https:\/\/www.alpesdauphine.com\/wp-content\/uploads\/lac-poncon-02.jpg","type":"image\/jpeg"}],"twitter_card":"summary_large_image","twitter_misc":{"Geschatte leestijd":"8 minuten"},"schema":{"@context":"https:\/\/schema.org","@graph":[{"@type":"WebPage","@id":"https:\/\/www.alpesdauphine.com\/nl\/de-regio\/decouvrir-la-region\/het-meer-van-serre-poncon\/","url":"https:\/\/www.alpesdauphine.com\/nl\/de-regio\/decouvrir-la-region\/het-meer-van-serre-poncon\/","name":"Lake Serre-Pon\u00e7on: zwemmen en wateractiviteiten","isPartOf":{"@id":"https:\/\/www.alpesdauphine.com\/nl\/#website"},"primaryImageOfPage":{"@id":"https:\/\/www.alpesdauphine.com\/nl\/de-regio\/decouvrir-la-region\/het-meer-van-serre-poncon\/#primaryimage"},"image":{"@id":"https:\/\/www.alpesdauphine.com\/nl\/de-regio\/decouvrir-la-region\/het-meer-van-serre-poncon\/#primaryimage"},"thumbnailUrl":"https:\/\/www.alpesdauphine.com\/wp-content\/uploads\/lac-poncon-02.jpg","datePublished":"2023-01-23T09:52:48+00:00","dateModified":"2025-02-13T16:26:14+00:00","description":"Verblijf tijdens uw vakantie in de bergen op camping Alpes Dauphin\u00e9 en ontdek het meer van Serre-Pon\u00e7on.","breadcrumb":{"@id":"https:\/\/www.alpesdauphine.com\/nl\/de-regio\/decouvrir-la-region\/het-meer-van-serre-poncon\/#breadcrumb"},"inLanguage":"nl-NL","potentialAction":[{"@type":"ReadAction","target":["https:\/\/www.alpesdauphine.com\/nl\/de-regio\/decouvrir-la-region\/het-meer-van-serre-poncon\/"]}]},{"@type":"ImageObject","inLanguage":"nl-NL","@id":"https:\/\/www.alpesdauphine.com\/nl\/de-regio\/decouvrir-la-region\/het-meer-van-serre-poncon\/#primaryimage","url":"https:\/\/www.alpesdauphine.com\/wp-content\/uploads\/lac-poncon-02.jpg","contentUrl":"https:\/\/www.alpesdauphine.com\/wp-content\/uploads\/lac-poncon-02.jpg","width":900,"height":548},{"@type":"BreadcrumbList","@id":"https:\/\/www.alpesdauphine.com\/nl\/de-regio\/decouvrir-la-region\/het-meer-van-serre-poncon\/#breadcrumb","itemListElement":[{"@type":"ListItem","position":1,"name":"Accueil","item":"https:\/\/www.alpesdauphine.com\/nl\/"},{"@type":"ListItem","position":2,"name":"Het meer van Serre-Pon\u00e7on"}]},{"@type":"WebSite","@id":"https:\/\/www.alpesdauphine.com\/nl\/#website","url":"https:\/\/www.alpesdauphine.com\/nl\/","name":"Alpes Dauphine","description":"Camping 4 \u00e9toiles \u00e0 deux pas de Gap","publisher":{"@id":"https:\/\/www.alpesdauphine.com\/nl\/#organization"},"potentialAction":[{"@type":"SearchAction","target":{"@type":"EntryPoint","urlTemplate":"https:\/\/www.alpesdauphine.com\/nl\/?s={search_term_string}"},"query-input":{"@type":"PropertyValueSpecification","valueRequired":true,"valueName":"search_term_string"}}],"inLanguage":"nl-NL"},{"@type":"Organization","@id":"https:\/\/www.alpesdauphine.com\/nl\/#organization","name":"Alpes Dauphine","url":"https:\/\/www.alpesdauphine.com\/nl\/","logo":{"@type":"ImageObject","inLanguage":"nl-NL","@id":"https:\/\/www.alpesdauphine.com\/nl\/#\/schema\/logo\/image\/","url":"https:\/\/www.alpesdauphine.com\/wp-content\/uploads\/logo-web.png","contentUrl":"https:\/\/www.alpesdauphine.com\/wp-content\/uploads\/logo-web.png","width":237,"height":153,"caption":"Alpes Dauphine"},"image":{"@id":"https:\/\/www.alpesdauphine.com\/nl\/#\/schema\/logo\/image\/"}}]}},"_links":{"self":[{"href":"https:\/\/www.alpesdauphine.com\/nl\/wp-json\/wp\/v2\/pages\/39012","targetHints":{"allow":["GET"]}}],"collection":[{"href":"https:\/\/www.alpesdauphine.com\/nl\/wp-json\/wp\/v2\/pages"}],"about":[{"href":"https:\/\/www.alpesdauphine.com\/nl\/wp-json\/wp\/v2\/types\/page"}],"author":[{"embeddable":true,"href":"https:\/\/www.alpesdauphine.com\/nl\/wp-json\/wp\/v2\/users\/3"}],"replies":[{"embeddable":true,"href":"https:\/\/www.alpesdauphine.com\/nl\/wp-json\/wp\/v2\/comments?post=39012"}],"version-history":[{"count":0,"href":"https:\/\/www.alpesdauphine.com\/nl\/wp-json\/wp\/v2\/pages\/39012\/revisions"}],"up":[{"embeddable":true,"href":"https:\/\/www.alpesdauphine.com\/nl\/wp-json\/wp\/v2\/pages\/39074"}],"wp:featuredmedia":[{"embeddable":true,"href":"https:\/\/www.alpesdauphine.com\/nl\/wp-json\/wp\/v2\/media\/2407"}],"wp:attachment":[{"href":"https:\/\/www.alpesdauphine.com\/nl\/wp-json\/wp\/v2\/media?parent=39012"}],"curies":[{"name":"wp","href":"https:\/\/api.w.org\/{rel}","templated":true}]}}