{"id":16952,"date":"2023-01-12T14:42:05","date_gmt":"2023-01-12T13:42:05","guid":{"rendered":"https:\/\/www.alpesdauphine.com\/la-region\/"},"modified":"2025-02-13T13:47:00","modified_gmt":"2025-02-13T12:47:00","slug":"the-region","status":"publish","type":"page","link":"https:\/\/www.alpesdauphine.com\/en\/the-region\/","title":{"rendered":"The region"},"content":{"rendered":"\n<div class=\"wp-block-cover alignfull header-top\" style=\"margin-top:0px;margin-bottom:0px;padding-top:0;padding-right:0;padding-bottom:0px;padding-left:0;min-height:90vh;aspect-ratio:unset;\"><span aria-hidden=\"true\" class=\"wp-block-cover__background has-background-dim-0 has-background-dim\" style=\"background-color:#507f78\"><\/span><img decoding=\"async\" width=\"1024\" height=\"693\" class=\"wp-block-cover__image-background wp-image-2847 lazyload\" alt=\"\" data-src=\"https:\/\/www.alpesdauphine.com\/wp-content\/uploads\/lac-de-lorceyrette.jpg\" data-object-fit=\"cover\" data-srcset=\"https:\/\/www.alpesdauphine.com\/wp-content\/uploads\/lac-de-lorceyrette.jpg 1024w, https:\/\/www.alpesdauphine.com\/wp-content\/uploads\/lac-de-lorceyrette-768x520.jpg 768w, https:\/\/www.alpesdauphine.com\/wp-content\/uploads\/lac-de-lorceyrette-512x347.jpg 512w, https:\/\/www.alpesdauphine.com\/wp-content\/uploads\/lac-de-lorceyrette-256x173.jpg 256w\" data-sizes=\"(max-width: 1024px) 100vw, 1024px\" src=\"data:image\/svg+xml;base64,PHN2ZyB3aWR0aD0iMSIgaGVpZ2h0PSIxIiB4bWxucz0iaHR0cDovL3d3dy53My5vcmcvMjAwMC9zdmciPjwvc3ZnPg==\" style=\"--smush-placeholder-width: 1024px; --smush-placeholder-aspect-ratio: 1024\/693;\" \/><div class=\"wp-block-cover__inner-container is-layout-flow wp-block-cover-is-layout-flow\">\n<div class=\"wp-block-group animation--init--once animation--top is-layout-constrained wp-block-group-is-layout-constrained\" style=\"padding-bottom:0px\">\n<p class=\"has-text-align-center titre-top has-theme-white-color has-text-color has-h-1-font-size\"><strong>4-star campsite<br>a stone&#8217;s throw from Gap!<\/strong><\/p>\n<\/div>\n\n\n\n<div class=\"wp-block-group alignfull motor-thelis has-theme-brown-2-background-color has-background is-layout-constrained wp-container-core-group-is-layout-2 wp-block-group-is-layout-constrained\" style=\"margin-top:0px;margin-bottom:0px;padding-top:10px;padding-right:0px;padding-bottom:12px;padding-left:0px\">\n<div class=\"wp-block-columns is-layout-flex wp-container-core-columns-is-layout-1 wp-block-columns-is-layout-flex\">\n<div class=\"wp-block-column is-layout-flow wp-block-column-is-layout-flow\" style=\"flex-basis:100%\">\n<section class=\"formulaire-de-recherche-bar\">\r\n            <div id=\"expand-thelis-formulaire\">Book<\/div>\r\n            <div class=\"container-form\"><thr-search-engine search-text=\"Search\"><\/thr-search-engine><a id=\"pay-btn-2\" onclick=\"window.open('https:\/\/thelisresa.webcamp.fr\/cart-directPayment.php?camping=alpesdauphine&amp;lang=en');\"><i><\/i>Pay stay<\/a>\r\n            <style>\r\n            \r\n            .thr-search-engine .thr-search-engine-main > .thr-btn-search { max-width: 20% !important; }\r\n            .thr .btn i { margin-right: 0 !important; }\r\n            #pay-btn-2 { \r\n                position: absolute;\r\n                right: 0;top: 0;\r\n                margin: 10px;\r\n                border: 0;\r\n                background-color: ;\r\n                color: ;\r\n                cursor: pointer;\r\n                width: calc(17% - 5px);\r\n                padding: 17px 0;\r\n                font-size: 18px;\r\n                font-weight: bold;\r\n                text-transform: auto;\r\n                transition: all .35s;\r\n                display: flex;justify-content: center;\r\n                align-items: center;\r\n            }\r\n            #pay-btn-2 i {\r\n                display: inline-flex;\r\n                width:18px;height:18px;\r\n                margin-right: 5px;\r\n                background-image: url('data:image\/svg+xml;utf8,<?xml version=\"1.0\" encoding=\"utf-8\"?><svg width=\"1792\" height=\"1792\" viewBox=\"0 0 1792 1792\" xmlns=\"http:\/\/www.w3.org\/2000\/svg\"><path d=\"M704 1536q0 52-38 90t-90 38-90-38-38-90 38-90 90-38 90 38 38 90zm896 0q0 52-38 90t-90 38-90-38-38-90 38-90 90-38 90 38 38 90zm128-1088v512q0 24-16.5 42.5t-40.5 21.5l-1044 122q13 60 13 70 0 16-24 64h920q26 0 45 19t19 45-19 45-45 19h-1024q-26 0-45-19t-19-45q0-11 8-31.5t16-36 21.5-40 15.5-29.5l-177-823h-204q-26 0-45-19t-19-45 19-45 45-19h256q16 0 28.5 6.5t19.5 15.5 13 24.5 8 26 5.5 29.5 4.5 26h1201q26 0 45 19t19 45z\" fill=\"rgba(255,255,255,1)\" \/><\/svg>');\r\n                background-size: cover;background-position: center center;background-repeat: no-repeat;\r\n            }\r\n            #pay-btn-2:hover { background-color: ; }\r\n            .thr-search-engine { width: 83%; }\r\n\r\n            @media screen and (max-width: 1024px) {\r\n                #pay-btn-2 { top: 52px; }\r\n                .thr-search-engine .thr-search-engine-main > .thr-btn-search { max-width: inherit !important; }\r\n            }\r\n            @media screen and (max-width: 990px) {\r\n                .thr-search-engine { width: 100%; }\r\n                #pay-btn-2 { position: relative;width: calc(100% - 20px);top: auto;margin-top: 0; }\r\n            }\r\n\r\n            thr-search-engine { border-right: 200px rgba(0,0,0,0) solid;display: block; }\r\n            @media screen and (max-width: 1024px) {\r\n                thr-search-engine { border-right: inherit;display: inherit; }\r\n            }\r\n            <\/style>\r\n            <\/div><\/section><!-- .formulaire-de-recherche-bar --><style>\r\n        #expand-thelis-formulaire { display: none; }\r\n        @media screen and (max-width: 1024px) {\r\n            #expand-thelis-formulaire { display: block; }\r\n            .formulaire-de-recherche-bar .container-form { display: none; }\r\n        }\r\n    <\/style><script>\r\n    jQuery(document).ready(function($){\r\n        jQuery('#expand-thelis-formulaire').click(function(){\r\n            if(\r\n                jQuery('.formulaire-de-recherche-bar .container-form').css('display') == 'none'\r\n            ){\r\n                jQuery('.formulaire-de-recherche-bar .container-form').css('display', 'block');\r\n                jQuery('#expand-thelis-formulaire').addClass('expanded');\r\n            }else{\r\n                jQuery('.formulaire-de-recherche-bar .container-form').css('display', 'none');\r\n                jQuery('#expand-thelis-formulaire').removeClass('expanded');\r\n            }\r\n        });\r\n    });\r\n    <\/script>\n<\/div>\n<\/div>\n<\/div>\n<\/div><\/div>\n\n\n\n<div class=\"wp-block-group alignfull breadcrumbs-top is-layout-constrained wp-block-group-is-layout-constrained\" style=\"margin-top:0px;margin-bottom:0px\">\n<div class=\"wp-block-group is-layout-constrained wp-block-group-is-layout-constrained\">\n<span><span><a href=\"https:\/\/www.alpesdauphine.com\/en\/\">Home<\/a><\/span><\/span>\n<\/div>\n<\/div>\n\n\n\n<div class=\"wp-block-columns intro-page is-layout-flex wp-container-core-columns-is-layout-2 wp-block-columns-is-layout-flex\">\n<div class=\"wp-block-column is-layout-flow wp-block-column-is-layout-flow\">\n<div class=\"wp-block-group titre-left is-layout-constrained wp-block-group-is-layout-constrained\" style=\"padding-bottom:50px\">\n<h1 class=\"wp-block-heading has-text-align-left\"><strong>Discover Hautes-Alpes<\/strong> <sub>and activities nearby<\/sub><\/h1>\n<\/div>\n\n\n\n<p>The Hautes-Alpes department, in the Provence-Alpes-C\u00f4te d&#8217;Azur region, offers enchanting landscapes full of majestic mountains and lush valleys. Nestled in the Southern Alps, this region will captivate you with its natural beauty and untouched character. With mountain peaks reaching nearly 4,100 metres, such as the famous Mont Pelvoux, Hautes-Alpes attracts mountain lovers and outdoor enthusiasts all year round. In picturesque villages like Brian\u00e7on, a UNESCO World Heritage Site due to its fortifications, you&#8217;ll find many beautiful old buildings. Prepare to be blown away by the breathtaking panoramas and vibrant traditions of Hautes-Alpes, in the heart of the French Alps.<\/p>\n<\/div>\n<\/div>\n\n\n\n<div class=\"wp-block-group alignfull animation--init--once animation--top is-layout-constrained wp-block-group-is-layout-constrained\" style=\"margin-top:40px;margin-bottom:50px\">\n<div class=\"wp-block-columns alignwide are-vertically-aligned-center is-layout-flex wp-container-core-columns-is-layout-3 wp-block-columns-is-layout-flex\">\n<div class=\"wp-block-column is-vertically-aligned-center is-layout-constrained wp-block-column-is-layout-constrained\">\n<div class=\"wp-block-auto-tabs alignwide\" data-selector=\"h3\">\n  <div class=\"acf-innerblocks-container\">\n\n<div class=\"wp-block-group auto-tabs-wrapper filter is-layout-flow wp-block-group-is-layout-flow\">\n<p class=\"has-text-align-center\"><strong>Aqu\u00ed se mostrar\u00e1n las pesta\u00f1as.<\/strong><br> El primer <strong>h3<\/strong> de cada contenido se usar\u00e1 como t\u00edtulo de su pesta\u00f1a. Puedes cambiarlo por otro tag o una clase en el panel lateral<\/p>\n<\/div>\n\n\n\n<div class=\"wp-block-group auto-content-wrapper is-layout-flow wp-block-group-is-layout-flow\">\n<div class=\"wp-block-group is-layout-flow wp-block-group-is-layout-flow\">\n<h3 class=\"wp-block-heading has-text-align-center is-hidden\">See All<\/h3>\n\n\n<script>var object = [];<\/script>\n<div class=\"wp-block-otros-elementos\">\n\n\n<div id=\"\" class=\"wp-block-otros-elementos\" style=\"\">\n\n                                                                    <div class=\"wp-block-columns columnas-3 slider-otros-elementos\">  \n                      \n                                        \n                   \n                        <div class=\"wp-block-column r\">\n\n                            <div class=\"image-wrapper lh-0\">\n                                <img decoding=\"async\" width=\"600\" height=\"390\" data-src=\"https:\/\/www.alpesdauphine.com\/wp-content\/uploads\/villegap-thumb.jpg\" class=\"attachment-gallery-medium size-gallery-medium wp-post-image lazyload\" alt=\"\" data-srcset=\"https:\/\/www.alpesdauphine.com\/wp-content\/uploads\/villegap-thumb.jpg 600w, https:\/\/www.alpesdauphine.com\/wp-content\/uploads\/villegap-thumb-512x333.jpg 512w, https:\/\/www.alpesdauphine.com\/wp-content\/uploads\/villegap-thumb-256x166.jpg 256w\" data-sizes=\"(max-width: 600px) 100vw, 600px\" src=\"data:image\/svg+xml;base64,PHN2ZyB3aWR0aD0iMSIgaGVpZ2h0PSIxIiB4bWxucz0iaHR0cDovL3d3dy53My5vcmcvMjAwMC9zdmciPjwvc3ZnPg==\" style=\"--smush-placeholder-width: 600px; --smush-placeholder-aspect-ratio: 600\/390;\" \/>                            <\/div>\n                            <div class=\"content-slider\">\n                                <div class=\"slider-info\">\n                                    <span class=\"titre-element\">The city of Gap<\/span>\n                                    \n                                <\/div>\n                                <div class=\"onhover \">\n                                                                                                                <p>Gap the capital of the Hautes-Alpes department, is not only the highest prefecture in France but also the largest city in the Southern Alps.<\/p>\n                                                                        <div class=\"wp-block-button\">\n                                        <a class=\"wp-block-button__link wp-element-button\" href=\"https:\/\/www.alpesdauphine.com\/en\/the-region\/discover-the-region\/the-city-of-gap\/\">Discover<\/a>\n                                    <\/div>\n                                <\/div>\n                            <\/div>\n\n                        <\/div>\n\n\n                                                            \n                   \n                        <div class=\"wp-block-column r\">\n\n                            <div class=\"image-wrapper lh-0\">\n                                <img decoding=\"async\" width=\"900\" height=\"548\" data-src=\"https:\/\/www.alpesdauphine.com\/wp-content\/uploads\/lac-poncon-02.jpg\" class=\"attachment-gallery-medium size-gallery-medium wp-post-image lazyload\" alt=\"\" data-srcset=\"https:\/\/www.alpesdauphine.com\/wp-content\/uploads\/lac-poncon-02.jpg 900w, https:\/\/www.alpesdauphine.com\/wp-content\/uploads\/lac-poncon-02-768x468.jpg 768w, https:\/\/www.alpesdauphine.com\/wp-content\/uploads\/lac-poncon-02-512x312.jpg 512w, https:\/\/www.alpesdauphine.com\/wp-content\/uploads\/lac-poncon-02-256x156.jpg 256w\" data-sizes=\"(max-width: 900px) 100vw, 900px\" src=\"data:image\/svg+xml;base64,PHN2ZyB3aWR0aD0iMSIgaGVpZ2h0PSIxIiB4bWxucz0iaHR0cDovL3d3dy53My5vcmcvMjAwMC9zdmciPjwvc3ZnPg==\" style=\"--smush-placeholder-width: 900px; --smush-placeholder-aspect-ratio: 900\/548;\" \/>                            <\/div>\n                            <div class=\"content-slider\">\n                                <div class=\"slider-info\">\n                                    <span class=\"titre-element\">The Serre-Pon\u00e7on lake<\/span>\n                                    \n                                <\/div>\n                                <div class=\"onhover \">\n                                                                                                                <p>Serre-Pon\u00e7on lake, also known as the \u2018sea in the mountains\u2019, is one of the highlights of Hautes-Alpes.<\/p>\n                                                                        <div class=\"wp-block-button\">\n                                        <a class=\"wp-block-button__link wp-element-button\" href=\"https:\/\/www.alpesdauphine.com\/en\/the-region\/discover-the-region\/the-serre-poncon-lake\/\">Discover<\/a>\n                                    <\/div>\n                                <\/div>\n                            <\/div>\n\n                        <\/div>\n\n\n                                                            \n                   \n                        <div class=\"wp-block-column r\">\n\n                            <div class=\"image-wrapper lh-0\">\n                                <img decoding=\"async\" width=\"600\" height=\"390\" data-src=\"https:\/\/www.alpesdauphine.com\/wp-content\/uploads\/hautesalpes-thumb.jpg\" class=\"attachment-gallery-medium size-gallery-medium wp-post-image lazyload\" alt=\"\" data-srcset=\"https:\/\/www.alpesdauphine.com\/wp-content\/uploads\/hautesalpes-thumb.jpg 600w, https:\/\/www.alpesdauphine.com\/wp-content\/uploads\/hautesalpes-thumb-512x333.jpg 512w, https:\/\/www.alpesdauphine.com\/wp-content\/uploads\/hautesalpes-thumb-256x166.jpg 256w\" data-sizes=\"(max-width: 600px) 100vw, 600px\" src=\"data:image\/svg+xml;base64,PHN2ZyB3aWR0aD0iMSIgaGVpZ2h0PSIxIiB4bWxucz0iaHR0cDovL3d3dy53My5vcmcvMjAwMC9zdmciPjwvc3ZnPg==\" style=\"--smush-placeholder-width: 600px; --smush-placeholder-aspect-ratio: 600\/390;\" \/>                            <\/div>\n                            <div class=\"content-slider\">\n                                <div class=\"slider-info\">\n                                    <span class=\"titre-element\">The Hautes-Alpes<\/span>\n                                    \n                                <\/div>\n                                <div class=\"onhover \">\n                                                                                                                <p>From the north to the south of the department, you\u2019ll discover numerous beautiful hiking routes and spots, such as the high peaks of the \u00c9crins National Park.<\/p>\n                                                                        <div class=\"wp-block-button\">\n                                        <a class=\"wp-block-button__link wp-element-button\" href=\"https:\/\/www.alpesdauphine.com\/en\/the-region\/discover-the-region\/the-hautes-alpes\/\">Discover<\/a>\n                                    <\/div>\n                                <\/div>\n                            <\/div>\n\n                        <\/div>\n\n\n                                                            \n                   \n                        <div class=\"wp-block-column r\">\n\n                            <div class=\"image-wrapper lh-0\">\n                                <img decoding=\"async\" width=\"1024\" height=\"576\" data-src=\"https:\/\/www.alpesdauphine.com\/wp-content\/uploads\/parc-des-ecrins-1024x576.jpg\" class=\"attachment-gallery-medium size-gallery-medium wp-post-image lazyload\" alt=\"\" data-srcset=\"https:\/\/www.alpesdauphine.com\/wp-content\/uploads\/parc-des-ecrins-1024x576.jpg 1024w, https:\/\/www.alpesdauphine.com\/wp-content\/uploads\/parc-des-ecrins-768x432.jpg 768w, https:\/\/www.alpesdauphine.com\/wp-content\/uploads\/parc-des-ecrins-512x288.jpg 512w, https:\/\/www.alpesdauphine.com\/wp-content\/uploads\/parc-des-ecrins-256x144.jpg 256w, https:\/\/www.alpesdauphine.com\/wp-content\/uploads\/parc-des-ecrins.jpg 1200w\" data-sizes=\"(max-width: 1024px) 100vw, 1024px\" src=\"data:image\/svg+xml;base64,PHN2ZyB3aWR0aD0iMSIgaGVpZ2h0PSIxIiB4bWxucz0iaHR0cDovL3d3dy53My5vcmcvMjAwMC9zdmciPjwvc3ZnPg==\" style=\"--smush-placeholder-width: 1024px; --smush-placeholder-aspect-ratio: 1024\/576;\" \/>                            <\/div>\n                            <div class=\"content-slider\">\n                                <div class=\"slider-info\">\n                                    <span class=\"titre-element\">To discover in the surrounding area<\/span>\n                                    \n                                <\/div>\n                                <div class=\"onhover \">\n                                                                                                                <p>On the left bank of the lake, between Savines and Sauze-du-Lac, there\u2019s a walking path along the \u2018fairy chimneys\u2019, a unique type of pyramid-like rock formation topped with a \u2018hat\u2019.<\/p>\n                                                                        <div class=\"wp-block-button\">\n                                        <a class=\"wp-block-button__link wp-element-button\" href=\"https:\/\/www.alpesdauphine.com\/en\/the-region\/discover-the-region\/to-discover-in-the-surrounding-area\/\">Discover<\/a>\n                                    <\/div>\n                                <\/div>\n                            <\/div>\n\n                        <\/div>\n\n\n                                                            \n                   \n                        <div class=\"wp-block-column r\">\n\n                            <div class=\"image-wrapper lh-0\">\n                                <img decoding=\"async\" width=\"600\" height=\"390\" data-src=\"https:\/\/www.alpesdauphine.com\/wp-content\/uploads\/parcqueyras-thumb.jpg\" class=\"attachment-gallery-medium size-gallery-medium wp-post-image lazyload\" alt=\"\" data-srcset=\"https:\/\/www.alpesdauphine.com\/wp-content\/uploads\/parcqueyras-thumb.jpg 600w, https:\/\/www.alpesdauphine.com\/wp-content\/uploads\/parcqueyras-thumb-512x333.jpg 512w, https:\/\/www.alpesdauphine.com\/wp-content\/uploads\/parcqueyras-thumb-256x166.jpg 256w\" data-sizes=\"(max-width: 600px) 100vw, 600px\" src=\"data:image\/svg+xml;base64,PHN2ZyB3aWR0aD0iMSIgaGVpZ2h0PSIxIiB4bWxucz0iaHR0cDovL3d3dy53My5vcmcvMjAwMC9zdmciPjwvc3ZnPg==\" style=\"--smush-placeholder-width: 600px; --smush-placeholder-aspect-ratio: 600\/390;\" \/>                            <\/div>\n                            <div class=\"content-slider\">\n                                <div class=\"slider-info\">\n                                    <span class=\"titre-element\">Queyras Park<\/span>\n                                    \n                                <\/div>\n                                <div class=\"onhover \">\n                                                                                                                <p>This park is one of the most beautiful areas in the Alps: 650 km\u00b2 of free land, rich in colour and dotted with many villages.<\/p>\n                                                                        <div class=\"wp-block-button\">\n                                        <a class=\"wp-block-button__link wp-element-button\" href=\"https:\/\/www.alpesdauphine.com\/en\/the-region\/discover-the-region\/queyras-park\/\">Discover<\/a>\n                                    <\/div>\n                                <\/div>\n                            <\/div>\n\n                        <\/div>\n\n\n                                                            \n                   \n                        <div class=\"wp-block-column r\">\n\n                            <div class=\"image-wrapper lh-0\">\n                                <img decoding=\"async\" width=\"600\" height=\"390\" data-src=\"https:\/\/www.alpesdauphine.com\/wp-content\/uploads\/parcecrans-thumb.jpg\" class=\"attachment-gallery-medium size-gallery-medium wp-post-image lazyload\" alt=\"\" data-srcset=\"https:\/\/www.alpesdauphine.com\/wp-content\/uploads\/parcecrans-thumb.jpg 600w, https:\/\/www.alpesdauphine.com\/wp-content\/uploads\/parcecrans-thumb-512x333.jpg 512w, https:\/\/www.alpesdauphine.com\/wp-content\/uploads\/parcecrans-thumb-256x166.jpg 256w\" data-sizes=\"(max-width: 600px) 100vw, 600px\" src=\"data:image\/svg+xml;base64,PHN2ZyB3aWR0aD0iMSIgaGVpZ2h0PSIxIiB4bWxucz0iaHR0cDovL3d3dy53My5vcmcvMjAwMC9zdmciPjwvc3ZnPg==\" style=\"--smush-placeholder-width: 600px; --smush-placeholder-aspect-ratio: 600\/390;\" \/>                            <\/div>\n                            <div class=\"content-slider\">\n                                <div class=\"slider-info\">\n                                    <span class=\"titre-element\">Ecrins National Park<\/span>\n                                    \n                                <\/div>\n                                <div class=\"onhover \">\n                                                                                                                <p>Located at the border of the Northern and Southern Alps, you\u2019ll find the \u00c9crins National Park, one of the largest and highest mountain ranges in the Alps.<\/p>\n                                                                        <div class=\"wp-block-button\">\n                                        <a class=\"wp-block-button__link wp-element-button\" href=\"https:\/\/www.alpesdauphine.com\/en\/the-region\/discover-the-region\/ecrins-national-park\/\">Discover<\/a>\n                                    <\/div>\n                                <\/div>\n                            <\/div>\n\n                        <\/div>\n\n\n                                                            \n                   \n                        <div class=\"wp-block-column r\">\n\n                            <div class=\"image-wrapper lh-0\">\n                                <img decoding=\"async\" width=\"900\" height=\"409\" data-src=\"https:\/\/www.alpesdauphine.com\/wp-content\/uploads\/produits-locaux.jpg\" class=\"attachment-gallery-medium size-gallery-medium wp-post-image lazyload\" alt=\"\" data-srcset=\"https:\/\/www.alpesdauphine.com\/wp-content\/uploads\/produits-locaux.jpg 900w, https:\/\/www.alpesdauphine.com\/wp-content\/uploads\/produits-locaux-768x349.jpg 768w, https:\/\/www.alpesdauphine.com\/wp-content\/uploads\/produits-locaux-512x233.jpg 512w, https:\/\/www.alpesdauphine.com\/wp-content\/uploads\/produits-locaux-256x116.jpg 256w\" data-sizes=\"(max-width: 900px) 100vw, 900px\" src=\"data:image\/svg+xml;base64,PHN2ZyB3aWR0aD0iMSIgaGVpZ2h0PSIxIiB4bWxucz0iaHR0cDovL3d3dy53My5vcmcvMjAwMC9zdmciPjwvc3ZnPg==\" style=\"--smush-placeholder-width: 900px; --smush-placeholder-aspect-ratio: 900\/409;\" \/>                            <\/div>\n                            <div class=\"content-slider\">\n                                <div class=\"slider-info\">\n                                    <span class=\"titre-element\">Local products<\/span>\n                                    \n                                <\/div>\n                                <div class=\"onhover \">\n                                                                                                                <p>Ces d\u00e9licieux petits beignets sont une sp\u00e9cialit\u00e9 de la vall\u00e9e du Champsaur. Ils se d\u00e9gustent sal\u00e9s ou sucr\u00e9s.<\/p>\n                                                                        <div class=\"wp-block-button\">\n                                        <a class=\"wp-block-button__link wp-element-button\" href=\"https:\/\/www.alpesdauphine.com\/en\/the-region\/discover-the-region\/local-products\/\">Discover<\/a>\n                                    <\/div>\n                                <\/div>\n                            <\/div>\n\n                        <\/div>\n\n\n                                                            \n                   \n                        <div class=\"wp-block-column r\">\n\n                            <div class=\"image-wrapper lh-0\">\n                                <img decoding=\"async\" width=\"900\" height=\"599\" data-src=\"https:\/\/www.alpesdauphine.com\/wp-content\/uploads\/marches-locaux-01.jpg\" class=\"attachment-gallery-medium size-gallery-medium wp-post-image lazyload\" alt=\"\" data-srcset=\"https:\/\/www.alpesdauphine.com\/wp-content\/uploads\/marches-locaux-01.jpg 900w, https:\/\/www.alpesdauphine.com\/wp-content\/uploads\/marches-locaux-01-768x511.jpg 768w, https:\/\/www.alpesdauphine.com\/wp-content\/uploads\/marches-locaux-01-512x341.jpg 512w, https:\/\/www.alpesdauphine.com\/wp-content\/uploads\/marches-locaux-01-256x170.jpg 256w\" data-sizes=\"(max-width: 900px) 100vw, 900px\" src=\"data:image\/svg+xml;base64,PHN2ZyB3aWR0aD0iMSIgaGVpZ2h0PSIxIiB4bWxucz0iaHR0cDovL3d3dy53My5vcmcvMjAwMC9zdmciPjwvc3ZnPg==\" style=\"--smush-placeholder-width: 900px; --smush-placeholder-aspect-ratio: 900\/599;\" \/>                            <\/div>\n                            <div class=\"content-slider\">\n                                <div class=\"slider-info\">\n                                    <span class=\"titre-element\">Local markets<\/span>\n                                    \n                                <\/div>\n                                <div class=\"onhover \">\n                                                                                                                <p>Les march\u00e9s de Gap. Place de la R\u00e9publique : Mercredi matin.  Place Jean Marcellin : Samedi matin.<\/p>\n                                                                        <div class=\"wp-block-button\">\n                                        <a class=\"wp-block-button__link wp-element-button\" href=\"https:\/\/www.alpesdauphine.com\/en\/the-region\/local-markets\/\">Discover<\/a>\n                                    <\/div>\n                                <\/div>\n                            <\/div>\n\n                        <\/div>\n\n\n                                                   \n                <\/div>\n                    \n        \n<\/div>\n<\/div>\n\n<style>\n    @media only screen and (min-width: 1300px){\n        .locations-camping .slider-otros-alojamientos .splide__slide {\n            width: calc(68% \/ 3)!important;}\n    }\n<\/style><\/div>\n\n\n\n<div class=\"wp-block-group is-layout-flow wp-block-group-is-layout-flow\">\n<h3 class=\"wp-block-heading has-text-align-center is-hidden\">Discover the region<\/h3>\n\n\n<script>var object = [];<\/script>\n<div class=\"wp-block-otros-elementos\">\n\n\n<div id=\"\" class=\"wp-block-otros-elementos\" style=\"\">\n\n                                                                    <div class=\"wp-block-columns columnas-3 slider-otros-elementos\">  \n                      \n                                        \n                   \n                        <div class=\"wp-block-column r\">\n\n                            <div class=\"image-wrapper lh-0\">\n                                <img decoding=\"async\" width=\"600\" height=\"390\" data-src=\"https:\/\/www.alpesdauphine.com\/wp-content\/uploads\/villegap-thumb.jpg\" class=\"attachment-gallery-medium size-gallery-medium wp-post-image lazyload\" alt=\"\" data-srcset=\"https:\/\/www.alpesdauphine.com\/wp-content\/uploads\/villegap-thumb.jpg 600w, https:\/\/www.alpesdauphine.com\/wp-content\/uploads\/villegap-thumb-512x333.jpg 512w, https:\/\/www.alpesdauphine.com\/wp-content\/uploads\/villegap-thumb-256x166.jpg 256w\" data-sizes=\"(max-width: 600px) 100vw, 600px\" src=\"data:image\/svg+xml;base64,PHN2ZyB3aWR0aD0iMSIgaGVpZ2h0PSIxIiB4bWxucz0iaHR0cDovL3d3dy53My5vcmcvMjAwMC9zdmciPjwvc3ZnPg==\" style=\"--smush-placeholder-width: 600px; --smush-placeholder-aspect-ratio: 600\/390;\" \/>                            <\/div>\n                            <div class=\"content-slider\">\n                                <div class=\"slider-info\">\n                                    <span class=\"titre-element\">The city of Gap<\/span>\n                                    \n                                <\/div>\n                                <div class=\"onhover \">\n                                                                                                                <p>Gap the capital of the Hautes-Alpes department, is not only the highest prefecture in France but also the largest city in the Southern Alps.<\/p>\n                                                                        <div class=\"wp-block-button\">\n                                        <a class=\"wp-block-button__link wp-element-button\" href=\"https:\/\/www.alpesdauphine.com\/en\/the-region\/discover-the-region\/the-city-of-gap\/\">Discover<\/a>\n                                    <\/div>\n                                <\/div>\n                            <\/div>\n\n                        <\/div>\n\n\n                                                            \n                   \n                        <div class=\"wp-block-column r\">\n\n                            <div class=\"image-wrapper lh-0\">\n                                <img decoding=\"async\" width=\"900\" height=\"548\" data-src=\"https:\/\/www.alpesdauphine.com\/wp-content\/uploads\/lac-poncon-02.jpg\" class=\"attachment-gallery-medium size-gallery-medium wp-post-image lazyload\" alt=\"\" data-srcset=\"https:\/\/www.alpesdauphine.com\/wp-content\/uploads\/lac-poncon-02.jpg 900w, https:\/\/www.alpesdauphine.com\/wp-content\/uploads\/lac-poncon-02-768x468.jpg 768w, https:\/\/www.alpesdauphine.com\/wp-content\/uploads\/lac-poncon-02-512x312.jpg 512w, https:\/\/www.alpesdauphine.com\/wp-content\/uploads\/lac-poncon-02-256x156.jpg 256w\" data-sizes=\"(max-width: 900px) 100vw, 900px\" src=\"data:image\/svg+xml;base64,PHN2ZyB3aWR0aD0iMSIgaGVpZ2h0PSIxIiB4bWxucz0iaHR0cDovL3d3dy53My5vcmcvMjAwMC9zdmciPjwvc3ZnPg==\" style=\"--smush-placeholder-width: 900px; --smush-placeholder-aspect-ratio: 900\/548;\" \/>                            <\/div>\n                            <div class=\"content-slider\">\n                                <div class=\"slider-info\">\n                                    <span class=\"titre-element\">The Serre-Pon\u00e7on lake<\/span>\n                                    \n                                <\/div>\n                                <div class=\"onhover \">\n                                                                                                                <p>Serre-Pon\u00e7on lake, also known as the \u2018sea in the mountains\u2019, is one of the highlights of Hautes-Alpes.<\/p>\n                                                                        <div class=\"wp-block-button\">\n                                        <a class=\"wp-block-button__link wp-element-button\" href=\"https:\/\/www.alpesdauphine.com\/en\/the-region\/discover-the-region\/the-serre-poncon-lake\/\">Discover<\/a>\n                                    <\/div>\n                                <\/div>\n                            <\/div>\n\n                        <\/div>\n\n\n                                                            \n                   \n                        <div class=\"wp-block-column r\">\n\n                            <div class=\"image-wrapper lh-0\">\n                                <img decoding=\"async\" width=\"600\" height=\"390\" data-src=\"https:\/\/www.alpesdauphine.com\/wp-content\/uploads\/hautesalpes-thumb.jpg\" class=\"attachment-gallery-medium size-gallery-medium wp-post-image lazyload\" alt=\"\" data-srcset=\"https:\/\/www.alpesdauphine.com\/wp-content\/uploads\/hautesalpes-thumb.jpg 600w, https:\/\/www.alpesdauphine.com\/wp-content\/uploads\/hautesalpes-thumb-512x333.jpg 512w, https:\/\/www.alpesdauphine.com\/wp-content\/uploads\/hautesalpes-thumb-256x166.jpg 256w\" data-sizes=\"(max-width: 600px) 100vw, 600px\" src=\"data:image\/svg+xml;base64,PHN2ZyB3aWR0aD0iMSIgaGVpZ2h0PSIxIiB4bWxucz0iaHR0cDovL3d3dy53My5vcmcvMjAwMC9zdmciPjwvc3ZnPg==\" style=\"--smush-placeholder-width: 600px; --smush-placeholder-aspect-ratio: 600\/390;\" \/>                            <\/div>\n                            <div class=\"content-slider\">\n                                <div class=\"slider-info\">\n                                    <span class=\"titre-element\">The Hautes-Alpes<\/span>\n                                    \n                                <\/div>\n                                <div class=\"onhover \">\n                                                                                                                <p>From the north to the south of the department, you\u2019ll discover numerous beautiful hiking routes and spots, such as the high peaks of the \u00c9crins National Park.<\/p>\n                                                                        <div class=\"wp-block-button\">\n                                        <a class=\"wp-block-button__link wp-element-button\" href=\"https:\/\/www.alpesdauphine.com\/en\/the-region\/discover-the-region\/the-hautes-alpes\/\">Discover<\/a>\n                                    <\/div>\n                                <\/div>\n                            <\/div>\n\n                        <\/div>\n\n\n                                                            \n                   \n                        <div class=\"wp-block-column r\">\n\n                            <div class=\"image-wrapper lh-0\">\n                                <img decoding=\"async\" width=\"1024\" height=\"576\" data-src=\"https:\/\/www.alpesdauphine.com\/wp-content\/uploads\/parc-des-ecrins-1024x576.jpg\" class=\"attachment-gallery-medium size-gallery-medium wp-post-image lazyload\" alt=\"\" data-srcset=\"https:\/\/www.alpesdauphine.com\/wp-content\/uploads\/parc-des-ecrins-1024x576.jpg 1024w, https:\/\/www.alpesdauphine.com\/wp-content\/uploads\/parc-des-ecrins-768x432.jpg 768w, https:\/\/www.alpesdauphine.com\/wp-content\/uploads\/parc-des-ecrins-512x288.jpg 512w, https:\/\/www.alpesdauphine.com\/wp-content\/uploads\/parc-des-ecrins-256x144.jpg 256w, https:\/\/www.alpesdauphine.com\/wp-content\/uploads\/parc-des-ecrins.jpg 1200w\" data-sizes=\"(max-width: 1024px) 100vw, 1024px\" src=\"data:image\/svg+xml;base64,PHN2ZyB3aWR0aD0iMSIgaGVpZ2h0PSIxIiB4bWxucz0iaHR0cDovL3d3dy53My5vcmcvMjAwMC9zdmciPjwvc3ZnPg==\" style=\"--smush-placeholder-width: 1024px; --smush-placeholder-aspect-ratio: 1024\/576;\" \/>                            <\/div>\n                            <div class=\"content-slider\">\n                                <div class=\"slider-info\">\n                                    <span class=\"titre-element\">To discover in the surrounding area<\/span>\n                                    \n                                <\/div>\n                                <div class=\"onhover \">\n                                                                                                                <p>On the left bank of the lake, between Savines and Sauze-du-Lac, there\u2019s a walking path along the \u2018fairy chimneys\u2019, a unique type of pyramid-like rock formation topped with a \u2018hat\u2019.<\/p>\n                                                                        <div class=\"wp-block-button\">\n                                        <a class=\"wp-block-button__link wp-element-button\" href=\"https:\/\/www.alpesdauphine.com\/en\/the-region\/discover-the-region\/to-discover-in-the-surrounding-area\/\">Discover<\/a>\n                                    <\/div>\n                                <\/div>\n                            <\/div>\n\n                        <\/div>\n\n\n                                                            \n                   \n                        <div class=\"wp-block-column r\">\n\n                            <div class=\"image-wrapper lh-0\">\n                                <img decoding=\"async\" width=\"600\" height=\"390\" data-src=\"https:\/\/www.alpesdauphine.com\/wp-content\/uploads\/parcqueyras-thumb.jpg\" class=\"attachment-gallery-medium size-gallery-medium wp-post-image lazyload\" alt=\"\" data-srcset=\"https:\/\/www.alpesdauphine.com\/wp-content\/uploads\/parcqueyras-thumb.jpg 600w, https:\/\/www.alpesdauphine.com\/wp-content\/uploads\/parcqueyras-thumb-512x333.jpg 512w, https:\/\/www.alpesdauphine.com\/wp-content\/uploads\/parcqueyras-thumb-256x166.jpg 256w\" data-sizes=\"(max-width: 600px) 100vw, 600px\" src=\"data:image\/svg+xml;base64,PHN2ZyB3aWR0aD0iMSIgaGVpZ2h0PSIxIiB4bWxucz0iaHR0cDovL3d3dy53My5vcmcvMjAwMC9zdmciPjwvc3ZnPg==\" style=\"--smush-placeholder-width: 600px; --smush-placeholder-aspect-ratio: 600\/390;\" \/>                            <\/div>\n                            <div class=\"content-slider\">\n                                <div class=\"slider-info\">\n                                    <span class=\"titre-element\">Queyras Park<\/span>\n                                    \n                                <\/div>\n                                <div class=\"onhover \">\n                                                                                                                <p>This park is one of the most beautiful areas in the Alps: 650 km\u00b2 of free land, rich in colour and dotted with many villages.<\/p>\n                                                                        <div class=\"wp-block-button\">\n                                        <a class=\"wp-block-button__link wp-element-button\" href=\"https:\/\/www.alpesdauphine.com\/en\/the-region\/discover-the-region\/queyras-park\/\">Discover<\/a>\n                                    <\/div>\n                                <\/div>\n                            <\/div>\n\n                        <\/div>\n\n\n                                                            \n                   \n                        <div class=\"wp-block-column r\">\n\n                            <div class=\"image-wrapper lh-0\">\n                                <img decoding=\"async\" width=\"600\" height=\"390\" data-src=\"https:\/\/www.alpesdauphine.com\/wp-content\/uploads\/parcecrans-thumb.jpg\" class=\"attachment-gallery-medium size-gallery-medium wp-post-image lazyload\" alt=\"\" data-srcset=\"https:\/\/www.alpesdauphine.com\/wp-content\/uploads\/parcecrans-thumb.jpg 600w, https:\/\/www.alpesdauphine.com\/wp-content\/uploads\/parcecrans-thumb-512x333.jpg 512w, https:\/\/www.alpesdauphine.com\/wp-content\/uploads\/parcecrans-thumb-256x166.jpg 256w\" data-sizes=\"(max-width: 600px) 100vw, 600px\" src=\"data:image\/svg+xml;base64,PHN2ZyB3aWR0aD0iMSIgaGVpZ2h0PSIxIiB4bWxucz0iaHR0cDovL3d3dy53My5vcmcvMjAwMC9zdmciPjwvc3ZnPg==\" style=\"--smush-placeholder-width: 600px; --smush-placeholder-aspect-ratio: 600\/390;\" \/>                            <\/div>\n                            <div class=\"content-slider\">\n                                <div class=\"slider-info\">\n                                    <span class=\"titre-element\">Ecrins National Park<\/span>\n                                    \n                                <\/div>\n                                <div class=\"onhover \">\n                                                                                                                <p>Located at the border of the Northern and Southern Alps, you\u2019ll find the \u00c9crins National Park, one of the largest and highest mountain ranges in the Alps.<\/p>\n                                                                        <div class=\"wp-block-button\">\n                                        <a class=\"wp-block-button__link wp-element-button\" href=\"https:\/\/www.alpesdauphine.com\/en\/the-region\/discover-the-region\/ecrins-national-park\/\">Discover<\/a>\n                                    <\/div>\n                                <\/div>\n                            <\/div>\n\n                        <\/div>\n\n\n                                                            \n                   \n                        <div class=\"wp-block-column r\">\n\n                            <div class=\"image-wrapper lh-0\">\n                                <img decoding=\"async\" width=\"900\" height=\"409\" data-src=\"https:\/\/www.alpesdauphine.com\/wp-content\/uploads\/produits-locaux.jpg\" class=\"attachment-gallery-medium size-gallery-medium wp-post-image lazyload\" alt=\"\" data-srcset=\"https:\/\/www.alpesdauphine.com\/wp-content\/uploads\/produits-locaux.jpg 900w, https:\/\/www.alpesdauphine.com\/wp-content\/uploads\/produits-locaux-768x349.jpg 768w, https:\/\/www.alpesdauphine.com\/wp-content\/uploads\/produits-locaux-512x233.jpg 512w, https:\/\/www.alpesdauphine.com\/wp-content\/uploads\/produits-locaux-256x116.jpg 256w\" data-sizes=\"(max-width: 900px) 100vw, 900px\" src=\"data:image\/svg+xml;base64,PHN2ZyB3aWR0aD0iMSIgaGVpZ2h0PSIxIiB4bWxucz0iaHR0cDovL3d3dy53My5vcmcvMjAwMC9zdmciPjwvc3ZnPg==\" style=\"--smush-placeholder-width: 900px; --smush-placeholder-aspect-ratio: 900\/409;\" \/>                            <\/div>\n                            <div class=\"content-slider\">\n                                <div class=\"slider-info\">\n                                    <span class=\"titre-element\">Local products<\/span>\n                                    \n                                <\/div>\n                                <div class=\"onhover \">\n                                                                                                                <p>Ces d\u00e9licieux petits beignets sont une sp\u00e9cialit\u00e9 de la vall\u00e9e du Champsaur. Ils se d\u00e9gustent sal\u00e9s ou sucr\u00e9s.<\/p>\n                                                                        <div class=\"wp-block-button\">\n                                        <a class=\"wp-block-button__link wp-element-button\" href=\"https:\/\/www.alpesdauphine.com\/en\/the-region\/discover-the-region\/local-products\/\">Discover<\/a>\n                                    <\/div>\n                                <\/div>\n                            <\/div>\n\n                        <\/div>\n\n\n                                                   \n                <\/div>\n                    \n        \n<\/div>\n<\/div>\n\n<style>\n    @media only screen and (min-width: 1300px){\n        .locations-camping .slider-otros-alojamientos .splide__slide {\n            width: calc(68% \/ 3)!important;}\n    }\n<\/style><\/div>\n\n\n\n<div class=\"wp-block-group is-layout-flow wp-block-group-is-layout-flow\">\n<h3 class=\"wp-block-heading has-text-align-center is-hidden\">The markets<\/h3>\n\n\n<script>var object = [];<\/script>\n<div class=\"wp-block-otros-elementos\">\n\n\n<div id=\"\" class=\"wp-block-otros-elementos\" style=\"\">\n\n                                                                    <div class=\"wp-block-columns columnas-3 slider-otros-elementos\">  \n                      \n                                        \n                   \n                        <div class=\"wp-block-column r\">\n\n                            <div class=\"image-wrapper lh-0\">\n                                <img decoding=\"async\" width=\"900\" height=\"599\" data-src=\"https:\/\/www.alpesdauphine.com\/wp-content\/uploads\/marches-locaux-01.jpg\" class=\"attachment-gallery-medium size-gallery-medium wp-post-image lazyload\" alt=\"\" data-srcset=\"https:\/\/www.alpesdauphine.com\/wp-content\/uploads\/marches-locaux-01.jpg 900w, https:\/\/www.alpesdauphine.com\/wp-content\/uploads\/marches-locaux-01-768x511.jpg 768w, https:\/\/www.alpesdauphine.com\/wp-content\/uploads\/marches-locaux-01-512x341.jpg 512w, https:\/\/www.alpesdauphine.com\/wp-content\/uploads\/marches-locaux-01-256x170.jpg 256w\" data-sizes=\"(max-width: 900px) 100vw, 900px\" src=\"data:image\/svg+xml;base64,PHN2ZyB3aWR0aD0iMSIgaGVpZ2h0PSIxIiB4bWxucz0iaHR0cDovL3d3dy53My5vcmcvMjAwMC9zdmciPjwvc3ZnPg==\" style=\"--smush-placeholder-width: 900px; --smush-placeholder-aspect-ratio: 900\/599;\" \/>                            <\/div>\n                            <div class=\"content-slider\">\n                                <div class=\"slider-info\">\n                                    <span class=\"titre-element\">Local markets<\/span>\n                                    \n                                <\/div>\n                                <div class=\"onhover \">\n                                                                                                                <p>Les march\u00e9s de Gap. Place de la R\u00e9publique : Mercredi matin.  Place Jean Marcellin : Samedi matin.<\/p>\n                                                                        <div class=\"wp-block-button\">\n                                        <a class=\"wp-block-button__link wp-element-button\" href=\"https:\/\/www.alpesdauphine.com\/en\/the-region\/local-markets\/\">Discover<\/a>\n                                    <\/div>\n                                <\/div>\n                            <\/div>\n\n                        <\/div>\n\n\n                                                   \n                <\/div>\n                    \n        \n<\/div>\n<\/div>\n\n<style>\n    @media only screen and (min-width: 1300px){\n        .locations-camping .slider-otros-alojamientos .splide__slide {\n            width: calc(68% \/ 3)!important;}\n    }\n<\/style><\/div>\n<\/div>\n\n<\/div><\/div><\/div>\n<\/div>\n<\/div>\n\n\n\n<div class=\"wp-block-group alignfull fons-top-footer is-layout-constrained wp-block-group-is-layout-constrained\"><\/div>\n","protected":false},"excerpt":{"rendered":"<p>Discover Hautes-Alpes and activities nearby The Hautes-Alpes department, in the Provence-Alpes-C\u00f4te d&#8217;Azur region, offers enchanting landscapes full of majestic mountains and lush valleys. Nestled in&#8230;<\/p>\n","protected":false},"author":3,"featured_media":0,"parent":0,"menu_order":14,"comment_status":"closed","ping_status":"closed","template":"","meta":{"_acf_changed":false,"inline_featured_image":false,"footnotes":""},"class_list":["post-16952","page","type-page","status-publish","hentry"],"acf":[],"featured_image_src":null,"yoast_head":"<!-- This site is optimized with the Yoast SEO plugin v24.8 - https:\/\/yoast.com\/wordpress\/plugins\/seo\/ -->\n<title>D\u00e9couvrez la r\u00e9gion de Gap - camping Alpes Dauphin\u00e9<\/title>\n<meta name=\"description\" content=\"S\u00e9journez au camping Alpes Dauphin\u00e9 et d\u00e9couvrez les Hautes Alpes : lac de Serre-Pon\u00e7on, la Parc Naturel des Ecrins, le Queyras.\" \/>\n<meta name=\"robots\" content=\"index, follow, max-snippet:-1, max-image-preview:large, max-video-preview:-1\" \/>\n<link rel=\"canonical\" href=\"https:\/\/www.alpesdauphine.com\/en\/the-region\/\" \/>\n<meta property=\"og:locale\" content=\"en_US\" \/>\n<meta property=\"og:type\" content=\"article\" \/>\n<meta property=\"og:title\" content=\"D\u00e9couvrez la r\u00e9gion de Gap - camping Alpes Dauphin\u00e9\" \/>\n<meta property=\"og:description\" content=\"S\u00e9journez au camping Alpes Dauphin\u00e9 et d\u00e9couvrez les Hautes Alpes : lac de Serre-Pon\u00e7on, la Parc Naturel des Ecrins, le Queyras.\" \/>\n<meta property=\"og:url\" content=\"https:\/\/www.alpesdauphine.com\/en\/the-region\/\" \/>\n<meta property=\"og:site_name\" content=\"Alpes Dauphine\" \/>\n<meta property=\"article:modified_time\" content=\"2025-02-13T12:47:00+00:00\" \/>\n<meta property=\"og:image\" content=\"https:\/\/www.alpesdauphine.com\/wp-content\/uploads\/lac-de-lorceyrette.jpg\" \/>\n\t<meta property=\"og:image:width\" content=\"1024\" \/>\n\t<meta property=\"og:image:height\" content=\"693\" \/>\n\t<meta property=\"og:image:type\" content=\"image\/jpeg\" \/>\n<meta name=\"twitter:card\" content=\"summary_large_image\" \/>\n<meta name=\"twitter:label1\" content=\"Est. reading time\" \/>\n\t<meta name=\"twitter:data1\" content=\"1 minute\" \/>\n<script type=\"application\/ld+json\" class=\"yoast-schema-graph\">{\"@context\":\"https:\/\/schema.org\",\"@graph\":[{\"@type\":\"WebPage\",\"@id\":\"https:\/\/www.alpesdauphine.com\/en\/the-region\/\",\"url\":\"https:\/\/www.alpesdauphine.com\/en\/the-region\/\",\"name\":\"D\u00e9couvrez la r\u00e9gion de Gap - camping Alpes Dauphin\u00e9\",\"isPartOf\":{\"@id\":\"https:\/\/www.alpesdauphine.com\/en\/#website\"},\"primaryImageOfPage\":{\"@id\":\"https:\/\/www.alpesdauphine.com\/en\/the-region\/#primaryimage\"},\"image\":{\"@id\":\"https:\/\/www.alpesdauphine.com\/en\/the-region\/#primaryimage\"},\"thumbnailUrl\":\"https:\/\/www.alpesdauphine.com\/wp-content\/uploads\/lac-de-lorceyrette.jpg\",\"datePublished\":\"2023-01-12T13:42:05+00:00\",\"dateModified\":\"2025-02-13T12:47:00+00:00\",\"description\":\"S\u00e9journez au camping Alpes Dauphin\u00e9 et d\u00e9couvrez les Hautes Alpes : lac de Serre-Pon\u00e7on, la Parc Naturel des Ecrins, le Queyras.\",\"breadcrumb\":{\"@id\":\"https:\/\/www.alpesdauphine.com\/en\/the-region\/#breadcrumb\"},\"inLanguage\":\"en-US\",\"potentialAction\":[{\"@type\":\"ReadAction\",\"target\":[\"https:\/\/www.alpesdauphine.com\/en\/the-region\/\"]}]},{\"@type\":\"ImageObject\",\"inLanguage\":\"en-US\",\"@id\":\"https:\/\/www.alpesdauphine.com\/en\/the-region\/#primaryimage\",\"url\":\"https:\/\/www.alpesdauphine.com\/wp-content\/uploads\/lac-de-lorceyrette.jpg\",\"contentUrl\":\"https:\/\/www.alpesdauphine.com\/wp-content\/uploads\/lac-de-lorceyrette.jpg\"},{\"@type\":\"BreadcrumbList\",\"@id\":\"https:\/\/www.alpesdauphine.com\/en\/the-region\/#breadcrumb\",\"itemListElement\":[{\"@type\":\"ListItem\",\"position\":1,\"name\":\"Home\",\"item\":\"https:\/\/www.alpesdauphine.com\/en\/\"},{\"@type\":\"ListItem\",\"position\":2,\"name\":\"The region\"}]},{\"@type\":\"WebSite\",\"@id\":\"https:\/\/www.alpesdauphine.com\/en\/#website\",\"url\":\"https:\/\/www.alpesdauphine.com\/en\/\",\"name\":\"Alpes Dauphine\",\"description\":\"Camping 4 \u00e9toiles \u00e0 deux pas de Gap\",\"publisher\":{\"@id\":\"https:\/\/www.alpesdauphine.com\/en\/#organization\"},\"potentialAction\":[{\"@type\":\"SearchAction\",\"target\":{\"@type\":\"EntryPoint\",\"urlTemplate\":\"https:\/\/www.alpesdauphine.com\/en\/?s={search_term_string}\"},\"query-input\":{\"@type\":\"PropertyValueSpecification\",\"valueRequired\":true,\"valueName\":\"search_term_string\"}}],\"inLanguage\":\"en-US\"},{\"@type\":\"Organization\",\"@id\":\"https:\/\/www.alpesdauphine.com\/en\/#organization\",\"name\":\"Alpes Dauphine\",\"url\":\"https:\/\/www.alpesdauphine.com\/en\/\",\"logo\":{\"@type\":\"ImageObject\",\"inLanguage\":\"en-US\",\"@id\":\"https:\/\/www.alpesdauphine.com\/en\/#\/schema\/logo\/image\/\",\"url\":\"https:\/\/www.alpesdauphine.com\/wp-content\/uploads\/logo-web.png\",\"contentUrl\":\"https:\/\/www.alpesdauphine.com\/wp-content\/uploads\/logo-web.png\",\"width\":237,\"height\":153,\"caption\":\"Alpes Dauphine\"},\"image\":{\"@id\":\"https:\/\/www.alpesdauphine.com\/en\/#\/schema\/logo\/image\/\"}}]}<\/script>\n<!-- \/ Yoast SEO plugin. -->","yoast_head_json":{"title":"D\u00e9couvrez la r\u00e9gion de Gap - camping Alpes Dauphin\u00e9","description":"S\u00e9journez au camping Alpes Dauphin\u00e9 et d\u00e9couvrez les Hautes Alpes : lac de Serre-Pon\u00e7on, la Parc Naturel des Ecrins, le Queyras.","robots":{"index":"index","follow":"follow","max-snippet":"max-snippet:-1","max-image-preview":"max-image-preview:large","max-video-preview":"max-video-preview:-1"},"canonical":"https:\/\/www.alpesdauphine.com\/en\/the-region\/","og_locale":"en_US","og_type":"article","og_title":"D\u00e9couvrez la r\u00e9gion de Gap - camping Alpes Dauphin\u00e9","og_description":"S\u00e9journez au camping Alpes Dauphin\u00e9 et d\u00e9couvrez les Hautes Alpes : lac de Serre-Pon\u00e7on, la Parc Naturel des Ecrins, le Queyras.","og_url":"https:\/\/www.alpesdauphine.com\/en\/the-region\/","og_site_name":"Alpes Dauphine","article_modified_time":"2025-02-13T12:47:00+00:00","og_image":[{"width":1024,"height":693,"url":"https:\/\/www.alpesdauphine.com\/wp-content\/uploads\/lac-de-lorceyrette.jpg","type":"image\/jpeg"}],"twitter_card":"summary_large_image","twitter_misc":{"Est. reading time":"1 minute"},"schema":{"@context":"https:\/\/schema.org","@graph":[{"@type":"WebPage","@id":"https:\/\/www.alpesdauphine.com\/en\/the-region\/","url":"https:\/\/www.alpesdauphine.com\/en\/the-region\/","name":"D\u00e9couvrez la r\u00e9gion de Gap - camping Alpes Dauphin\u00e9","isPartOf":{"@id":"https:\/\/www.alpesdauphine.com\/en\/#website"},"primaryImageOfPage":{"@id":"https:\/\/www.alpesdauphine.com\/en\/the-region\/#primaryimage"},"image":{"@id":"https:\/\/www.alpesdauphine.com\/en\/the-region\/#primaryimage"},"thumbnailUrl":"https:\/\/www.alpesdauphine.com\/wp-content\/uploads\/lac-de-lorceyrette.jpg","datePublished":"2023-01-12T13:42:05+00:00","dateModified":"2025-02-13T12:47:00+00:00","description":"S\u00e9journez au camping Alpes Dauphin\u00e9 et d\u00e9couvrez les Hautes Alpes : lac de Serre-Pon\u00e7on, la Parc Naturel des Ecrins, le Queyras.","breadcrumb":{"@id":"https:\/\/www.alpesdauphine.com\/en\/the-region\/#breadcrumb"},"inLanguage":"en-US","potentialAction":[{"@type":"ReadAction","target":["https:\/\/www.alpesdauphine.com\/en\/the-region\/"]}]},{"@type":"ImageObject","inLanguage":"en-US","@id":"https:\/\/www.alpesdauphine.com\/en\/the-region\/#primaryimage","url":"https:\/\/www.alpesdauphine.com\/wp-content\/uploads\/lac-de-lorceyrette.jpg","contentUrl":"https:\/\/www.alpesdauphine.com\/wp-content\/uploads\/lac-de-lorceyrette.jpg"},{"@type":"BreadcrumbList","@id":"https:\/\/www.alpesdauphine.com\/en\/the-region\/#breadcrumb","itemListElement":[{"@type":"ListItem","position":1,"name":"Home","item":"https:\/\/www.alpesdauphine.com\/en\/"},{"@type":"ListItem","position":2,"name":"The region"}]},{"@type":"WebSite","@id":"https:\/\/www.alpesdauphine.com\/en\/#website","url":"https:\/\/www.alpesdauphine.com\/en\/","name":"Alpes Dauphine","description":"Camping 4 \u00e9toiles \u00e0 deux pas de Gap","publisher":{"@id":"https:\/\/www.alpesdauphine.com\/en\/#organization"},"potentialAction":[{"@type":"SearchAction","target":{"@type":"EntryPoint","urlTemplate":"https:\/\/www.alpesdauphine.com\/en\/?s={search_term_string}"},"query-input":{"@type":"PropertyValueSpecification","valueRequired":true,"valueName":"search_term_string"}}],"inLanguage":"en-US"},{"@type":"Organization","@id":"https:\/\/www.alpesdauphine.com\/en\/#organization","name":"Alpes Dauphine","url":"https:\/\/www.alpesdauphine.com\/en\/","logo":{"@type":"ImageObject","inLanguage":"en-US","@id":"https:\/\/www.alpesdauphine.com\/en\/#\/schema\/logo\/image\/","url":"https:\/\/www.alpesdauphine.com\/wp-content\/uploads\/logo-web.png","contentUrl":"https:\/\/www.alpesdauphine.com\/wp-content\/uploads\/logo-web.png","width":237,"height":153,"caption":"Alpes Dauphine"},"image":{"@id":"https:\/\/www.alpesdauphine.com\/en\/#\/schema\/logo\/image\/"}}]}},"_links":{"self":[{"href":"https:\/\/www.alpesdauphine.com\/en\/wp-json\/wp\/v2\/pages\/16952","targetHints":{"allow":["GET"]}}],"collection":[{"href":"https:\/\/www.alpesdauphine.com\/en\/wp-json\/wp\/v2\/pages"}],"about":[{"href":"https:\/\/www.alpesdauphine.com\/en\/wp-json\/wp\/v2\/types\/page"}],"author":[{"embeddable":true,"href":"https:\/\/www.alpesdauphine.com\/en\/wp-json\/wp\/v2\/users\/3"}],"replies":[{"embeddable":true,"href":"https:\/\/www.alpesdauphine.com\/en\/wp-json\/wp\/v2\/comments?post=16952"}],"version-history":[{"count":0,"href":"https:\/\/www.alpesdauphine.com\/en\/wp-json\/wp\/v2\/pages\/16952\/revisions"}],"wp:attachment":[{"href":"https:\/\/www.alpesdauphine.com\/en\/wp-json\/wp\/v2\/media?parent=16952"}],"curies":[{"name":"wp","href":"https:\/\/api.w.org\/{rel}","templated":true}]}}